{"id":67,"date":"2025-06-22T06:16:17","date_gmt":"2025-06-22T06:16:17","guid":{"rendered":"https:\/\/djgroup.alejandrodev.com.co\/?page_id=67"},"modified":"2025-12-06T23:06:09","modified_gmt":"2025-12-06T23:06:09","slug":"proyectos","status":"publish","type":"page","link":"https:\/\/djgroup.es\/de\/projekte\/","title":{"rendered":"Nachricht"},"content":{"rendered":"<div data-elementor-type=\"wp-page\" data-elementor-id=\"67\" class=\"elementor elementor-67\" data-elementor-post-type=\"page\">\n\t\t\t\t<div class=\"elementor-element elementor-element-8749b7f e-flex e-con-boxed e-con e-parent\" data-id=\"8749b7f\" data-element_type=\"container\" data-e-type=\"container\" data-settings=\"{&quot;background_background&quot;:&quot;slideshow&quot;,&quot;background_slideshow_gallery&quot;:[{&quot;id&quot;:659,&quot;url&quot;:&quot;https:\\\/\\\/djgroup.es\\\/wp-content\\\/uploads\\\/2025\\\/06\\\/proyectos-scaled.jpg&quot;}],&quot;background_slideshow_ken_burns&quot;:&quot;yes&quot;,&quot;background_slideshow_loop&quot;:&quot;yes&quot;,&quot;background_slideshow_slide_duration&quot;:5000,&quot;background_slideshow_slide_transition&quot;:&quot;fade&quot;,&quot;background_slideshow_transition_duration&quot;:500,&quot;background_slideshow_ken_burns_zoom_direction&quot;:&quot;in&quot;}\">\n\t\t\t\t\t<div class=\"e-con-inner\">\n\t\t\t\t<div class=\"elementor-element elementor-element-924b867 elementor-widget__width-initial animated-slow elementor-invisible elementor-widget elementor-widget-heading\" data-id=\"924b867\" data-element_type=\"widget\" data-e-type=\"widget\" data-settings=\"{&quot;motion_fx_motion_fx_scrolling&quot;:&quot;yes&quot;,&quot;motion_fx_translateY_effect&quot;:&quot;yes&quot;,&quot;motion_fx_translateY_speed&quot;:{&quot;unit&quot;:&quot;px&quot;,&quot;size&quot;:1.6999999999999999555910790149937383830547332763671875,&quot;sizes&quot;:[]},&quot;_animation&quot;:&quot;fadeInUp&quot;,&quot;_animation_mobile&quot;:&quot;fadeInUp&quot;,&quot;_animation_delay&quot;:200,&quot;motion_fx_translateY_affectedRange&quot;:{&quot;unit&quot;:&quot;%&quot;,&quot;size&quot;:&quot;&quot;,&quot;sizes&quot;:{&quot;start&quot;:0,&quot;end&quot;:100}},&quot;motion_fx_devices&quot;:[&quot;desktop&quot;,&quot;tablet&quot;,&quot;mobile&quot;]}\" data-widget_type=\"heading.default\">\n\t\t\t\t<div class=\"elementor-widget-container\">\n\t\t\t\t\t<h2 class=\"elementor-heading-title elementor-size-default\">Erfahren Sie mehr \u00fcber unsere Projekte<\/h2>\t\t\t\t<\/div>\n\t\t\t\t<\/div>\n\t\t\t\t\t<\/div>\n\t\t\t\t<\/div>\n\t\t<div class=\"elementor-element elementor-element-bde2d2f e-flex e-con-boxed e-con e-parent\" data-id=\"bde2d2f\" data-element_type=\"container\" data-e-type=\"container\" data-settings=\"{&quot;background_background&quot;:&quot;classic&quot;}\">\n\t\t\t\t\t<div class=\"e-con-inner\">\n\t\t\t\t<div class=\"elementor-element elementor-element-7f91a48 elementor-grid-3 elementor-grid-tablet-2 elementor-grid-mobile-1 elementor-posts--thumbnail-top elementor-card-shadow-yes elementor-posts__hover-gradient elementor-widget elementor-widget-posts\" data-id=\"7f91a48\" data-element_type=\"widget\" data-e-type=\"widget\" data-settings=\"{&quot;cards_columns&quot;:&quot;3&quot;,&quot;cards_columns_tablet&quot;:&quot;2&quot;,&quot;cards_columns_mobile&quot;:&quot;1&quot;,&quot;cards_row_gap&quot;:{&quot;unit&quot;:&quot;px&quot;,&quot;size&quot;:35,&quot;sizes&quot;:[]},&quot;cards_row_gap_tablet&quot;:{&quot;unit&quot;:&quot;px&quot;,&quot;size&quot;:&quot;&quot;,&quot;sizes&quot;:[]},&quot;cards_row_gap_mobile&quot;:{&quot;unit&quot;:&quot;px&quot;,&quot;size&quot;:&quot;&quot;,&quot;sizes&quot;:[]}}\" data-widget_type=\"posts.cards\">\n\t\t\t\t<div class=\"elementor-widget-container\">\n\t\t\t\t\t\t\t<div class=\"elementor-posts-container elementor-posts elementor-posts--skin-cards elementor-grid\">\n\t\t\t\t<article class=\"elementor-post elementor-grid-item post-2452 post type-post status-publish format-standard hentry category-blog\">\n\t\t\t<div class=\"elementor-post__card\">\n\t\t\t\t<div class=\"elementor-post__text\">\n\t\t\t\t<h3 class=\"elementor-post__title\">\n\t\t\t<a href=\"https:\/\/djgroup.es\/de\/die-besten-luxuswohngegenden-mallorcas\/\" >\n\t\t\t\tDie besten Gegenden auf Mallorca, um eine Luxusimmobilie zu kaufen\t\t\t<\/a>\n\t\t<\/h3>\n\t\t\t\t<div class=\"elementor-post__excerpt\">\n\t\t\t<p>Die Wahl der richtigen Lage ist wahrscheinlich die wichtigste Entscheidung beim Kauf von Luxusimmobilien auf Mallorca. Sogar noch wichtiger als<\/p>\n\t\t<\/div>\n\t\t\n\t\t<a class=\"elementor-post__read-more\" href=\"https:\/\/djgroup.es\/de\/die-besten-luxuswohngegenden-mallorcas\/\" aria-label=\"Read more about Las mejores zonas para comprar una vivienda de lujo en Mallorca\" tabindex=\"-1\" >\n\t\t\tMehr lesen &quot;\t\t<\/a>\n\n\t\t\t\t<\/div>\n\t\t\t\t<div class=\"elementor-post__meta-data\">\n\t\t\t\t\t<span class=\"elementor-post-date\">\n\t\t\t21. Januar 2026\t\t<\/span>\n\t\t\t\t<span class=\"elementor-post-avatar\">\n\t\t\tKeine Kommentare\t\t<\/span>\n\t\t\t\t<\/div>\n\t\t\t\t\t<\/div>\n\t\t<\/article>\n\t\t\t\t<article class=\"elementor-post elementor-grid-item post-2449 post type-post status-publish format-standard has-post-thumbnail hentry category-blog\">\n\t\t\t<div class=\"elementor-post__card\">\n\t\t\t\t<a class=\"elementor-post__thumbnail__link\" href=\"https:\/\/djgroup.es\/de\/wie-man-luxusimmobilien-auf-mallorca-auswahlt\/\" tabindex=\"-1\" ><div class=\"elementor-post__thumbnail\"><img fetchpriority=\"high\" decoding=\"async\" width=\"300\" height=\"200\" src=\"https:\/\/djgroup.es\/wp-content\/uploads\/2026\/01\/como-elegir-inmobiliaria-lujo-en-mallorca-300x200.jpg\" class=\"attachment-medium size-medium wp-image-2450\" alt=\"\" srcset=\"https:\/\/djgroup.es\/wp-content\/uploads\/2026\/01\/como-elegir-inmobiliaria-lujo-en-mallorca-300x200.jpg 300w, https:\/\/djgroup.es\/wp-content\/uploads\/2026\/01\/como-elegir-inmobiliaria-lujo-en-mallorca-18x12.jpg 18w, https:\/\/djgroup.es\/wp-content\/uploads\/2026\/01\/como-elegir-inmobiliaria-lujo-en-mallorca.jpg 640w\" sizes=\"(max-width: 300px) 100vw, 300px\" \/><\/div><\/a>\n\t\t\t\t<div class=\"elementor-post__badge\">Der Blog<\/div>\n\t\t\t\t<div class=\"elementor-post__text\">\n\t\t\t\t<h3 class=\"elementor-post__title\">\n\t\t\t<a href=\"https:\/\/djgroup.es\/de\/wie-man-luxusimmobilien-auf-mallorca-auswahlt\/\" >\n\t\t\t\tWie Sie die beste Luxusimmobilienagentur auf Mallorca ausw\u00e4hlen: Wichtige Punkte und Tipps\t\t\t<\/a>\n\t\t<\/h3>\n\t\t\t\t<div class=\"elementor-post__excerpt\">\n\t\t\t<p>Die Wahl einer Luxusimmobilienagentur auf Mallorca ist eine der wichtigsten Entscheidungen im gesamten Kaufprozess.<\/p>\n\t\t<\/div>\n\t\t\n\t\t<a class=\"elementor-post__read-more\" href=\"https:\/\/djgroup.es\/de\/wie-man-luxusimmobilien-auf-mallorca-auswahlt\/\" aria-label=\"Read more about C\u00f3mo elegir la mejor inmobiliaria de lujo en Mallorca: claves y consejos\" tabindex=\"-1\" >\n\t\t\tMehr lesen &quot;\t\t<\/a>\n\n\t\t\t\t<\/div>\n\t\t\t\t<div class=\"elementor-post__meta-data\">\n\t\t\t\t\t<span class=\"elementor-post-date\">\n\t\t\t21. Januar 2026\t\t<\/span>\n\t\t\t\t<span class=\"elementor-post-avatar\">\n\t\t\tKeine Kommentare\t\t<\/span>\n\t\t\t\t<\/div>\n\t\t\t\t\t<\/div>\n\t\t<\/article>\n\t\t\t\t<article class=\"elementor-post elementor-grid-item post-2443 post type-post status-publish format-standard has-post-thumbnail hentry category-blog\">\n\t\t\t<div class=\"elementor-post__card\">\n\t\t\t\t<a class=\"elementor-post__thumbnail__link\" href=\"https:\/\/djgroup.es\/de\/warum-luxusimmobilien-auf-mallorca-wahlen\/\" tabindex=\"-1\" ><div class=\"elementor-post__thumbnail\"><img decoding=\"async\" width=\"300\" height=\"200\" src=\"https:\/\/djgroup.es\/wp-content\/uploads\/2026\/01\/porque-elegir-inmobiliaria-de-lujo-en-mallorca-300x200.jpg\" class=\"attachment-medium size-medium wp-image-2446\" alt=\"\" srcset=\"https:\/\/djgroup.es\/wp-content\/uploads\/2026\/01\/porque-elegir-inmobiliaria-de-lujo-en-mallorca-300x200.jpg 300w, https:\/\/djgroup.es\/wp-content\/uploads\/2026\/01\/porque-elegir-inmobiliaria-de-lujo-en-mallorca-18x12.jpg 18w, https:\/\/djgroup.es\/wp-content\/uploads\/2026\/01\/porque-elegir-inmobiliaria-de-lujo-en-mallorca.jpg 640w\" sizes=\"(max-width: 300px) 100vw, 300px\" \/><\/div><\/a>\n\t\t\t\t<div class=\"elementor-post__badge\">Der Blog<\/div>\n\t\t\t\t<div class=\"elementor-post__text\">\n\t\t\t\t<h3 class=\"elementor-post__title\">\n\t\t\t<a href=\"https:\/\/djgroup.es\/de\/warum-luxusimmobilien-auf-mallorca-wahlen\/\" >\n\t\t\t\tWarum die Wahl einer Luxusimmobilienagentur auf Mallorca beim Hauskauf einen Unterschied macht\t\t\t<\/a>\n\t\t<\/h3>\n\t\t\t\t<div class=\"elementor-post__excerpt\">\n\t\t\t<p>Der Kauf einer Luxusimmobilie auf Mallorca ist ein aufregendes Erlebnis, kann aber auch Unsicherheiten mit sich bringen. Wir sprechen hier nicht nur von<\/p>\n\t\t<\/div>\n\t\t\n\t\t<a class=\"elementor-post__read-more\" href=\"https:\/\/djgroup.es\/de\/warum-luxusimmobilien-auf-mallorca-wahlen\/\" aria-label=\"Read more about Por qu\u00e9 Elegir una Inmobiliaria de Lujo en Mallorca Marca la Diferencia a la Hora de Comprar tu Vivienda\" tabindex=\"-1\" >\n\t\t\tMehr lesen &quot;\t\t<\/a>\n\n\t\t\t\t<\/div>\n\t\t\t\t<div class=\"elementor-post__meta-data\">\n\t\t\t\t\t<span class=\"elementor-post-date\">\n\t\t\t21. Januar 2026\t\t<\/span>\n\t\t\t\t<span class=\"elementor-post-avatar\">\n\t\t\t1\u00a0Kommentar\t\t<\/span>\n\t\t\t\t<\/div>\n\t\t\t\t\t<\/div>\n\t\t<\/article>\n\t\t\t\t<article class=\"elementor-post elementor-grid-item post-2442 post type-post status-publish format-standard has-post-thumbnail hentry category-blog\">\n\t\t\t<div class=\"elementor-post__card\">\n\t\t\t\t<a class=\"elementor-post__thumbnail__link\" href=\"https:\/\/djgroup.es\/de\/leitfaden-zum-kauf-von-luxusimmobilien-auf-mallorca\/\" tabindex=\"-1\" ><div class=\"elementor-post__thumbnail\"><img decoding=\"async\" width=\"200\" height=\"300\" src=\"https:\/\/djgroup.es\/wp-content\/uploads\/2026\/01\/guia-completa-comprar-propiedad-lujo-mallorca-200x300.jpg\" class=\"attachment-medium size-medium wp-image-2444\" alt=\"\" srcset=\"https:\/\/djgroup.es\/wp-content\/uploads\/2026\/01\/guia-completa-comprar-propiedad-lujo-mallorca-200x300.jpg 200w, https:\/\/djgroup.es\/wp-content\/uploads\/2026\/01\/guia-completa-comprar-propiedad-lujo-mallorca-8x12.jpg 8w, https:\/\/djgroup.es\/wp-content\/uploads\/2026\/01\/guia-completa-comprar-propiedad-lujo-mallorca.jpg 640w\" sizes=\"(max-width: 200px) 100vw, 200px\" \/><\/div><\/a>\n\t\t\t\t<div class=\"elementor-post__badge\">Der Blog<\/div>\n\t\t\t\t<div class=\"elementor-post__text\">\n\t\t\t\t<h3 class=\"elementor-post__title\">\n\t\t\t<a href=\"https:\/\/djgroup.es\/de\/leitfaden-zum-kauf-von-luxusimmobilien-auf-mallorca\/\" >\n\t\t\t\tVollst\u00e4ndiger Leitfaden zum Kauf einer Luxusimmobilie auf Mallorca\t\t\t<\/a>\n\t\t<\/h3>\n\t\t\t\t<div class=\"elementor-post__excerpt\">\n\t\t\t<p>Ihr umfassender Leitfaden zum Kauf einer Luxusimmobilie auf Mallorca. Der Kauf einer Luxusimmobilie auf Mallorca ist nicht<\/p>\n\t\t<\/div>\n\t\t\n\t\t<a class=\"elementor-post__read-more\" href=\"https:\/\/djgroup.es\/de\/leitfaden-zum-kauf-von-luxusimmobilien-auf-mallorca\/\" aria-label=\"Read more about Gu\u00eda Completa para Comprar una Propiedad de Lujo en Mallorca\" tabindex=\"-1\" >\n\t\t\tMehr lesen &quot;\t\t<\/a>\n\n\t\t\t\t<\/div>\n\t\t\t\t<div class=\"elementor-post__meta-data\">\n\t\t\t\t\t<span class=\"elementor-post-date\">\n\t\t\t21. Januar 2026\t\t<\/span>\n\t\t\t\t<span class=\"elementor-post-avatar\">\n\t\t\t3\u00a0Kommentare\t\t<\/span>\n\t\t\t\t<\/div>\n\t\t\t\t\t<\/div>\n\t\t<\/article>\n\t\t\t\t<article class=\"elementor-post elementor-grid-item post-1939 post type-post status-publish format-standard has-post-thumbnail hentry category-blog\">\n\t\t\t<div class=\"elementor-post__card\">\n\t\t\t\t<a class=\"elementor-post__thumbnail__link\" href=\"https:\/\/djgroup.es\/de\/leitfaden-fur-rustikale-immobilien-auf-mallorca\/\" tabindex=\"-1\" ><div class=\"elementor-post__thumbnail\"><img loading=\"lazy\" decoding=\"async\" width=\"300\" height=\"300\" src=\"https:\/\/djgroup.es\/wp-content\/uploads\/2025\/07\/thumb_456_1920_0_0_0_crop-300x300.webp\" class=\"attachment-medium size-medium wp-image-1188\" alt=\"\" srcset=\"https:\/\/djgroup.es\/wp-content\/uploads\/2025\/07\/thumb_456_1920_0_0_0_crop-300x300.webp 300w, https:\/\/djgroup.es\/wp-content\/uploads\/2025\/07\/thumb_456_1920_0_0_0_crop-1024x1024.webp 1024w, https:\/\/djgroup.es\/wp-content\/uploads\/2025\/07\/thumb_456_1920_0_0_0_crop-150x150.webp 150w, https:\/\/djgroup.es\/wp-content\/uploads\/2025\/07\/thumb_456_1920_0_0_0_crop-768x768.webp 768w, https:\/\/djgroup.es\/wp-content\/uploads\/2025\/07\/thumb_456_1920_0_0_0_crop-1536x1536.webp 1536w, https:\/\/djgroup.es\/wp-content\/uploads\/2025\/07\/thumb_456_1920_0_0_0_crop.webp 1920w\" sizes=\"(max-width: 300px) 100vw, 300px\" \/><\/div><\/a>\n\t\t\t\t<div class=\"elementor-post__badge\">Der Blog<\/div>\n\t\t\t\t<div class=\"elementor-post__text\">\n\t\t\t\t<h3 class=\"elementor-post__title\">\n\t\t\t<a href=\"https:\/\/djgroup.es\/de\/leitfaden-fur-rustikale-immobilien-auf-mallorca\/\" >\n\t\t\t\tL\u00e4ndliche Anwesen: Ein umfassender Leitfaden f\u00fcr erfolgreiche Investitionen auf Mallorca\t\t\t<\/a>\n\t\t<\/h3>\n\t\t\t\t<div class=\"elementor-post__excerpt\">\n\t\t\t<p>Rustikale Bauernh\u00f6fe sind zu einer der begehrtesten Optionen f\u00fcr diejenigen geworden, die Ruhe, Kontakt mit der Natur suchen,<\/p>\n\t\t<\/div>\n\t\t\n\t\t<a class=\"elementor-post__read-more\" href=\"https:\/\/djgroup.es\/de\/leitfaden-fur-rustikale-immobilien-auf-mallorca\/\" aria-label=\"Read more about Fincas R\u00fasticas: Gu\u00eda Completa para Invertir con \u00c9xito en Mallorca\" tabindex=\"-1\" >\n\t\t\tMehr lesen &quot;\t\t<\/a>\n\n\t\t\t\t<\/div>\n\t\t\t\t<div class=\"elementor-post__meta-data\">\n\t\t\t\t\t<span class=\"elementor-post-date\">\n\t\t\t19. August 2025\t\t<\/span>\n\t\t\t\t<span class=\"elementor-post-avatar\">\n\t\t\tKeine Kommentare\t\t<\/span>\n\t\t\t\t<\/div>\n\t\t\t\t\t<\/div>\n\t\t<\/article>\n\t\t\t\t<article class=\"elementor-post elementor-grid-item post-2242 post type-post status-publish format-standard has-post-thumbnail hentry category-proyectos\">\n\t\t\t<div class=\"elementor-post__card\">\n\t\t\t\t<a class=\"elementor-post__thumbnail__link\" href=\"https:\/\/djgroup.es\/de\/landliches-immobilienentwicklungsprojekt-in-alaro\/\" tabindex=\"-1\" ><div class=\"elementor-post__thumbnail\"><img loading=\"lazy\" decoding=\"async\" width=\"300\" height=\"200\" src=\"https:\/\/djgroup.es\/wp-content\/uploads\/2025\/07\/Tanca-DOlivar-184-300x200.jpg\" class=\"attachment-medium size-medium wp-image-2659\" alt=\"\" srcset=\"https:\/\/djgroup.es\/wp-content\/uploads\/2025\/07\/Tanca-DOlivar-184-300x200.jpg 300w, https:\/\/djgroup.es\/wp-content\/uploads\/2025\/07\/Tanca-DOlivar-184-1024x683.jpg 1024w, https:\/\/djgroup.es\/wp-content\/uploads\/2025\/07\/Tanca-DOlivar-184-768x512.jpg 768w, https:\/\/djgroup.es\/wp-content\/uploads\/2025\/07\/Tanca-DOlivar-184-1536x1024.jpg 1536w, https:\/\/djgroup.es\/wp-content\/uploads\/2025\/07\/Tanca-DOlivar-184.jpg 2048w\" sizes=\"(max-width: 300px) 100vw, 300px\" \/><\/div><\/a>\n\t\t\t\t<div class=\"elementor-post__badge\">Projekte<\/div>\n\t\t\t\t<div class=\"elementor-post__text\">\n\t\t\t\t<h3 class=\"elementor-post__title\">\n\t\t\t<a href=\"https:\/\/djgroup.es\/de\/landliches-immobilienentwicklungsprojekt-in-alaro\/\" >\n\t\t\t\tNeubauprojekt f\u00fcr ein l\u00e4ndliches Anwesen in Alar\u00f3\t\t\t<\/a>\n\t\t<\/h3>\n\t\t\t\t<div class=\"elementor-post__excerpt\">\n\t\t\t<p>Bau eines l\u00e4ndlichen Anwesens: Neubau eines l\u00e4ndlichen Anwesens mit einer Gesamtfl\u00e4che von 678 m\u00b2. Das Projekt beginnt.<\/p>\n\t\t<\/div>\n\t\t\n\t\t<a class=\"elementor-post__read-more\" href=\"https:\/\/djgroup.es\/de\/landliches-immobilienentwicklungsprojekt-in-alaro\/\" aria-label=\"Read more about Proyecto Obra nueva Finca R\u00fastica en Alar\u00f3\" tabindex=\"-1\" >\n\t\t\tMehr lesen &quot;\t\t<\/a>\n\n\t\t\t\t<\/div>\n\t\t\t\t<div class=\"elementor-post__meta-data\">\n\t\t\t\t\t<span class=\"elementor-post-date\">\n\t\t\t12. August 2025\t\t<\/span>\n\t\t\t\t<span class=\"elementor-post-avatar\">\n\t\t\tKeine Kommentare\t\t<\/span>\n\t\t\t\t<\/div>\n\t\t\t\t\t<\/div>\n\t\t<\/article>\n\t\t\t\t<article class=\"elementor-post elementor-grid-item post-1937 post type-post status-publish format-standard has-post-thumbnail hentry category-blog\">\n\t\t\t<div class=\"elementor-post__card\">\n\t\t\t\t<a class=\"elementor-post__thumbnail__link\" href=\"https:\/\/djgroup.es\/de\/luxusimmobilien-auf-mallorca\/\" tabindex=\"-1\" ><div class=\"elementor-post__thumbnail\"><img loading=\"lazy\" decoding=\"async\" width=\"300\" height=\"233\" src=\"https:\/\/djgroup.es\/wp-content\/uploads\/2025\/08\/Panoramic-View-of-Porte-De-Soller-Palma-Mallorca-Spain-Editada-300x233.jpg\" class=\"attachment-medium size-medium wp-image-2295\" alt=\"\" srcset=\"https:\/\/djgroup.es\/wp-content\/uploads\/2025\/08\/Panoramic-View-of-Porte-De-Soller-Palma-Mallorca-Spain-Editada-300x233.jpg 300w, https:\/\/djgroup.es\/wp-content\/uploads\/2025\/08\/Panoramic-View-of-Porte-De-Soller-Palma-Mallorca-Spain-Editada-1024x796.jpg 1024w, https:\/\/djgroup.es\/wp-content\/uploads\/2025\/08\/Panoramic-View-of-Porte-De-Soller-Palma-Mallorca-Spain-Editada-768x597.jpg 768w, https:\/\/djgroup.es\/wp-content\/uploads\/2025\/08\/Panoramic-View-of-Porte-De-Soller-Palma-Mallorca-Spain-Editada-1536x1195.jpg 1536w, https:\/\/djgroup.es\/wp-content\/uploads\/2025\/08\/Panoramic-View-of-Porte-De-Soller-Palma-Mallorca-Spain-Editada-2048x1593.jpg 2048w, https:\/\/djgroup.es\/wp-content\/uploads\/2025\/08\/Panoramic-View-of-Porte-De-Soller-Palma-Mallorca-Spain-Editada-15x12.jpg 15w\" sizes=\"(max-width: 300px) 100vw, 300px\" \/><\/div><\/a>\n\t\t\t\t<div class=\"elementor-post__badge\">Der Blog<\/div>\n\t\t\t\t<div class=\"elementor-post__text\">\n\t\t\t\t<h3 class=\"elementor-post__title\">\n\t\t\t<a href=\"https:\/\/djgroup.es\/de\/luxusimmobilien-auf-mallorca\/\" >\n\t\t\t\tLuxusimmobilien: So w\u00e4hlen Sie die ideale Immobilie f\u00fcr Ihr Wohnprojekt auf Mallorca\t\t\t<\/a>\n\t\t<\/h3>\n\t\t\t\t<div class=\"elementor-post__excerpt\">\n\t\t\t<p>Die Suche nach einer Luxusimmobilienagentur auf Mallorca ist nicht nur eine Investitionsentscheidung, sondern eine Entscheidung f\u00fcr einen Lebensstil.<\/p>\n\t\t<\/div>\n\t\t\n\t\t<a class=\"elementor-post__read-more\" href=\"https:\/\/djgroup.es\/de\/luxusimmobilien-auf-mallorca\/\" aria-label=\"Read more about Inmobiliaria de Lujo: C\u00f3mo Elegir la Ideal para tu Proyecto Residencial en Mallorca\" tabindex=\"-1\" >\n\t\t\tMehr lesen &quot;\t\t<\/a>\n\n\t\t\t\t<\/div>\n\t\t\t\t<div class=\"elementor-post__meta-data\">\n\t\t\t\t\t<span class=\"elementor-post-date\">\n\t\t\t3. August 2025\t\t<\/span>\n\t\t\t\t<span class=\"elementor-post-avatar\">\n\t\t\tKeine Kommentare\t\t<\/span>\n\t\t\t\t<\/div>\n\t\t\t\t\t<\/div>\n\t\t<\/article>\n\t\t\t\t<article class=\"elementor-post elementor-grid-item post-1886 post type-post status-publish format-standard has-post-thumbnail hentry category-proyectos\">\n\t\t\t<div class=\"elementor-post__card\">\n\t\t\t\t<a class=\"elementor-post__thumbnail__link\" href=\"https:\/\/djgroup.es\/de\/rustikales-immobilienprojekt-in-santa-maria-del-cami-im-gange\/\" tabindex=\"-1\" ><div class=\"elementor-post__thumbnail\"><img loading=\"lazy\" decoding=\"async\" width=\"300\" height=\"169\" src=\"https:\/\/djgroup.es\/wp-content\/uploads\/2025\/05\/CanNaSerra_drone_18_3_26-4-300x169.jpg\" class=\"attachment-medium size-medium wp-image-2703\" alt=\"\" srcset=\"https:\/\/djgroup.es\/wp-content\/uploads\/2025\/05\/CanNaSerra_drone_18_3_26-4-300x169.jpg 300w, https:\/\/djgroup.es\/wp-content\/uploads\/2025\/05\/CanNaSerra_drone_18_3_26-4-1024x576.jpg 1024w, https:\/\/djgroup.es\/wp-content\/uploads\/2025\/05\/CanNaSerra_drone_18_3_26-4-768x432.jpg 768w, https:\/\/djgroup.es\/wp-content\/uploads\/2025\/05\/CanNaSerra_drone_18_3_26-4-1536x863.jpg 1536w, https:\/\/djgroup.es\/wp-content\/uploads\/2025\/05\/CanNaSerra_drone_18_3_26-4.jpg 2048w\" sizes=\"(max-width: 300px) 100vw, 300px\" \/><\/div><\/a>\n\t\t\t\t<div class=\"elementor-post__badge\">Projekte<\/div>\n\t\t\t\t<div class=\"elementor-post__text\">\n\t\t\t\t<h3 class=\"elementor-post__title\">\n\t\t\t<a href=\"https:\/\/djgroup.es\/de\/rustikales-immobilienprojekt-in-santa-maria-del-cami-im-gange\/\" >\n\t\t\t\tL\u00e4ndliches Immobilienprojekt in Santa Maria del Cam\u00ed\t\t\t<\/a>\n\t\t<\/h3>\n\t\t\t\t<div class=\"elementor-post__excerpt\">\n\t\t\t<p>Wir errichten derzeit ein neues rustikales Anwesen mit einer Gesamtfl\u00e4che von 818 Quadratmetern.<\/p>\n\t\t<\/div>\n\t\t\n\t\t<a class=\"elementor-post__read-more\" href=\"https:\/\/djgroup.es\/de\/rustikales-immobilienprojekt-in-santa-maria-del-cami-im-gange\/\" aria-label=\"Read more about Proyecto en Ejecuci\u00f3n de Finca R\u00fastica en santa Maria del Cam\u00ed\" tabindex=\"-1\" >\n\t\t\tMehr lesen &quot;\t\t<\/a>\n\n\t\t\t\t<\/div>\n\t\t\t\t<div class=\"elementor-post__meta-data\">\n\t\t\t\t\t<span class=\"elementor-post-date\">\n\t\t\t30. Mai 2025\t\t<\/span>\n\t\t\t\t<span class=\"elementor-post-avatar\">\n\t\t\tKeine Kommentare\t\t<\/span>\n\t\t\t\t<\/div>\n\t\t\t\t\t<\/div>\n\t\t<\/article>\n\t\t\t\t<article class=\"elementor-post elementor-grid-item post-1786 post type-post status-publish format-standard has-post-thumbnail hentry category-proyectos\">\n\t\t\t<div class=\"elementor-post__card\">\n\t\t\t\t<a class=\"elementor-post__thumbnail__link\" href=\"https:\/\/djgroup.es\/de\/umfassende-sanierung-der-fassade-und-des-ausenbereichs\/\" tabindex=\"-1\" ><div class=\"elementor-post__thumbnail\"><img loading=\"lazy\" decoding=\"async\" width=\"300\" height=\"200\" src=\"https:\/\/djgroup.es\/wp-content\/uploads\/2025\/07\/DZ2A9152-300x200.jpg\" class=\"attachment-medium size-medium wp-image-1752\" alt=\"\" srcset=\"https:\/\/djgroup.es\/wp-content\/uploads\/2025\/07\/DZ2A9152-300x200.jpg 300w, https:\/\/djgroup.es\/wp-content\/uploads\/2025\/07\/DZ2A9152-1024x683.jpg 1024w, https:\/\/djgroup.es\/wp-content\/uploads\/2025\/07\/DZ2A9152-768x512.jpg 768w, https:\/\/djgroup.es\/wp-content\/uploads\/2025\/07\/DZ2A9152-1536x1024.jpg 1536w, https:\/\/djgroup.es\/wp-content\/uploads\/2025\/07\/DZ2A9152-2048x1365.jpg 2048w\" sizes=\"(max-width: 300px) 100vw, 300px\" \/><\/div><\/a>\n\t\t\t\t<div class=\"elementor-post__badge\">Projekte<\/div>\n\t\t\t\t<div class=\"elementor-post__text\">\n\t\t\t\t<h3 class=\"elementor-post__title\">\n\t\t\t<a href=\"https:\/\/djgroup.es\/de\/umfassende-sanierung-der-fassade-und-des-ausenbereichs\/\" >\n\t\t\t\tKomplette Fassaden- und Au\u00dfenrenovierung in Costa de la Calma\t\t\t<\/a>\n\t\t<\/h3>\n\t\t\t\t<div class=\"elementor-post__excerpt\">\n\t\t\t<p>Bei diesem architektonischen Eingriff wurde eine umfassende Renovierung der Fassade und der Au\u00dfenr\u00e4ume des Hauses durchgef\u00fchrt,<\/p>\n\t\t<\/div>\n\t\t\n\t\t<a class=\"elementor-post__read-more\" href=\"https:\/\/djgroup.es\/de\/umfassende-sanierung-der-fassade-und-des-ausenbereichs\/\" aria-label=\"Read more about Reforma Integral de fachada y exteriores en Costa de la Calma\" tabindex=\"-1\" >\n\t\t\tMehr lesen &quot;\t\t<\/a>\n\n\t\t\t\t<\/div>\n\t\t\t\t<div class=\"elementor-post__meta-data\">\n\t\t\t\t\t<span class=\"elementor-post-date\">\n\t\t\t28. April 2025\t\t<\/span>\n\t\t\t\t<span class=\"elementor-post-avatar\">\n\t\t\tKeine Kommentare\t\t<\/span>\n\t\t\t\t<\/div>\n\t\t\t\t\t<\/div>\n\t\t<\/article>\n\t\t\t\t<article class=\"elementor-post elementor-grid-item post-1943 post type-post status-publish format-standard has-post-thumbnail hentry category-proyectos\">\n\t\t\t<div class=\"elementor-post__card\">\n\t\t\t\t<a class=\"elementor-post__thumbnail__link\" href=\"https:\/\/djgroup.es\/de\/umfassende-wohnungssanierung\/\" tabindex=\"-1\" ><div class=\"elementor-post__thumbnail\"><img loading=\"lazy\" decoding=\"async\" width=\"300\" height=\"200\" src=\"https:\/\/djgroup.es\/wp-content\/uploads\/2025\/08\/DZ2A1687-copia-2-300x200.jpg\" class=\"attachment-medium size-medium wp-image-2013\" alt=\"\" srcset=\"https:\/\/djgroup.es\/wp-content\/uploads\/2025\/08\/DZ2A1687-copia-2-300x200.jpg 300w, https:\/\/djgroup.es\/wp-content\/uploads\/2025\/08\/DZ2A1687-copia-2-1024x683.jpg 1024w, https:\/\/djgroup.es\/wp-content\/uploads\/2025\/08\/DZ2A1687-copia-2-768x512.jpg 768w, https:\/\/djgroup.es\/wp-content\/uploads\/2025\/08\/DZ2A1687-copia-2-1536x1024.jpg 1536w, https:\/\/djgroup.es\/wp-content\/uploads\/2025\/08\/DZ2A1687-copia-2-2048x1365.jpg 2048w\" sizes=\"(max-width: 300px) 100vw, 300px\" \/><\/div><\/a>\n\t\t\t\t<div class=\"elementor-post__badge\">Projekte<\/div>\n\t\t\t\t<div class=\"elementor-post__text\">\n\t\t\t\t<h3 class=\"elementor-post__title\">\n\t\t\t<a href=\"https:\/\/djgroup.es\/de\/umfassende-wohnungssanierung\/\" >\n\t\t\t\tUmfassende Hausrenovierung in Pina Mallorca\t\t\t<\/a>\n\t\t<\/h3>\n\t\t\t\t<div class=\"elementor-post__excerpt\">\n\t\t\t<p>Dieses Haus wurde einer umfassenden Renovierung unterzogen, die die komplette Renovierung aller Zimmer, die Schaffung<\/p>\n\t\t<\/div>\n\t\t\n\t\t<a class=\"elementor-post__read-more\" href=\"https:\/\/djgroup.es\/de\/umfassende-wohnungssanierung\/\" aria-label=\"Read more about Reforma Integral de vivienda en Pina Mallorca\" tabindex=\"-1\" >\n\t\t\tMehr lesen &quot;\t\t<\/a>\n\n\t\t\t\t<\/div>\n\t\t\t\t<div class=\"elementor-post__meta-data\">\n\t\t\t\t\t<span class=\"elementor-post-date\">\n\t\t\t11. Januar 2025\t\t<\/span>\n\t\t\t\t<span class=\"elementor-post-avatar\">\n\t\t\tKeine Kommentare\t\t<\/span>\n\t\t\t\t<\/div>\n\t\t\t\t\t<\/div>\n\t\t<\/article>\n\t\t\t\t<article class=\"elementor-post elementor-grid-item post-1861 post type-post status-publish format-standard has-post-thumbnail hentry category-proyectos\">\n\t\t\t<div class=\"elementor-post__card\">\n\t\t\t\t<a class=\"elementor-post__thumbnail__link\" href=\"https:\/\/djgroup.es\/de\/umfassende-hausrenovierung\/\" tabindex=\"-1\" ><div class=\"elementor-post__thumbnail\"><img loading=\"lazy\" decoding=\"async\" width=\"200\" height=\"300\" src=\"https:\/\/djgroup.es\/wp-content\/uploads\/2025\/07\/Imagen-de-WhatsApp-2025-07-28-a-las-17.38.56_e06e9003-200x300.jpg\" class=\"attachment-medium size-medium wp-image-1877\" alt=\"\" srcset=\"https:\/\/djgroup.es\/wp-content\/uploads\/2025\/07\/Imagen-de-WhatsApp-2025-07-28-a-las-17.38.56_e06e9003-200x300.jpg 200w, https:\/\/djgroup.es\/wp-content\/uploads\/2025\/07\/Imagen-de-WhatsApp-2025-07-28-a-las-17.38.56_e06e9003.jpg 683w\" sizes=\"(max-width: 200px) 100vw, 200px\" \/><\/div><\/a>\n\t\t\t\t<div class=\"elementor-post__badge\">Projekte<\/div>\n\t\t\t\t<div class=\"elementor-post__text\">\n\t\t\t\t<h3 class=\"elementor-post__title\">\n\t\t\t<a href=\"https:\/\/djgroup.es\/de\/umfassende-hausrenovierung\/\" >\n\t\t\t\tUmfassende Hausrenovierung in P\u00f3rtico Verd\t\t\t<\/a>\n\t\t<\/h3>\n\t\t\t\t<div class=\"elementor-post__excerpt\">\n\t\t\t<p>Bei diesem Projekt wurde eine umfassende Renovierung des Hauses durchgef\u00fchrt, die sowohl die<\/p>\n\t\t<\/div>\n\t\t\n\t\t<a class=\"elementor-post__read-more\" href=\"https:\/\/djgroup.es\/de\/umfassende-hausrenovierung\/\" aria-label=\"Read more about Reforma Integral de vivienda en P\u00f3rtico Verd\" tabindex=\"-1\" >\n\t\t\tMehr lesen &quot;\t\t<\/a>\n\n\t\t\t\t<\/div>\n\t\t\t\t<div class=\"elementor-post__meta-data\">\n\t\t\t\t\t<span class=\"elementor-post-date\">\n\t\t\t3. M\u00e4rz 2021\t\t<\/span>\n\t\t\t\t<span class=\"elementor-post-avatar\">\n\t\t\tKeine Kommentare\t\t<\/span>\n\t\t\t\t<\/div>\n\t\t\t\t\t<\/div>\n\t\t<\/article>\n\t\t\t\t<\/div>\n\t\t\n\t\t\t\t\t\t<\/div>\n\t\t\t\t<\/div>\n\t\t\t\t\t<\/div>\n\t\t\t\t<\/div>\n\t\t\t\t<\/div>","protected":false},"excerpt":{"rendered":"<p>Erfahren Sie mehr \u00fcber unsere Projekte<\/p>","protected":false},"author":1,"featured_media":0,"parent":0,"menu_order":0,"comment_status":"closed","ping_status":"closed","template":"elementor_header_footer","meta":{"_joinchat":[],"footnotes":""},"class_list":["post-67","page","type-page","status-publish","hentry"],"yoast_head":"<!-- This site is optimized with the Yoast SEO plugin v27.1.1 - https:\/\/yoast.com\/product\/yoast-seo-wordpress\/ -->\n<title>Noticias - Djgroup<\/title>\n<meta name=\"robots\" content=\"index, follow, max-snippet:-1, max-image-preview:large, max-video-preview:-1\" \/>\n<link rel=\"canonical\" href=\"https:\/\/djgroup.es\/de\/projekte\/\" \/>\n<meta property=\"og:locale\" content=\"de_DE\" \/>\n<meta property=\"og:type\" content=\"article\" \/>\n<meta property=\"og:title\" content=\"Noticias - Djgroup\" \/>\n<meta property=\"og:description\" content=\"Conoce nuestros proyectos\" \/>\n<meta property=\"og:url\" content=\"https:\/\/djgroup.es\/de\/projekte\/\" \/>\n<meta property=\"og:site_name\" content=\"Djgroup\" \/>\n<meta property=\"article:publisher\" content=\"https:\/\/www.facebook.com\/profile.php?id=61577641345036&amp;mibextid=wwXIfr\" \/>\n<meta property=\"article:modified_time\" content=\"2025-12-06T23:06:09+00:00\" \/>\n<meta name=\"twitter:card\" content=\"summary_large_image\" \/>\n<meta name=\"twitter:label1\" content=\"Gesch\u00e4tzte Lesezeit\" \/>\n\t<meta name=\"twitter:data1\" content=\"6\u00a0Minuten\" \/>\n<script type=\"application\/ld+json\" class=\"yoast-schema-graph\">{\"@context\":\"https:\/\/schema.org\",\"@graph\":[{\"@type\":\"WebPage\",\"@id\":\"https:\/\/djgroup.es\/proyectos\/\",\"url\":\"https:\/\/djgroup.es\/proyectos\/\",\"name\":\"Noticias - Djgroup\",\"isPartOf\":{\"@id\":\"https:\/\/djgroup.es\/#website\"},\"datePublished\":\"2025-06-22T06:16:17+00:00\",\"dateModified\":\"2025-12-06T23:06:09+00:00\",\"breadcrumb\":{\"@id\":\"https:\/\/djgroup.es\/proyectos\/#breadcrumb\"},\"inLanguage\":\"de\",\"potentialAction\":[{\"@type\":\"ReadAction\",\"target\":[\"https:\/\/djgroup.es\/proyectos\/\"]}]},{\"@type\":\"BreadcrumbList\",\"@id\":\"https:\/\/djgroup.es\/proyectos\/#breadcrumb\",\"itemListElement\":[{\"@type\":\"ListItem\",\"position\":1,\"name\":\"Portada\",\"item\":\"https:\/\/djgroup.es\/\"},{\"@type\":\"ListItem\",\"position\":2,\"name\":\"Noticias\"}]},{\"@type\":\"WebSite\",\"@id\":\"https:\/\/djgroup.es\/#website\",\"url\":\"https:\/\/djgroup.es\/\",\"name\":\"Djgroup\",\"description\":\"Nuestra especialidad es la construcci\u00f3n en el sector residencial de obra nueva. Nos encargamos de proyectos de rehabilitacion integral y reformas. como tambien de proyectos realcionados con viviendas unifamiliares\",\"publisher\":{\"@id\":\"https:\/\/djgroup.es\/#organization\"},\"potentialAction\":[{\"@type\":\"SearchAction\",\"target\":{\"@type\":\"EntryPoint\",\"urlTemplate\":\"https:\/\/djgroup.es\/?s={search_term_string}\"},\"query-input\":{\"@type\":\"PropertyValueSpecification\",\"valueRequired\":true,\"valueName\":\"search_term_string\"}}],\"inLanguage\":\"de\"},{\"@type\":\"Organization\",\"@id\":\"https:\/\/djgroup.es\/#organization\",\"name\":\"Djgroup\",\"url\":\"https:\/\/djgroup.es\/\",\"logo\":{\"@type\":\"ImageObject\",\"inLanguage\":\"de\",\"@id\":\"https:\/\/djgroup.es\/#\/schema\/logo\/image\/\",\"url\":\"https:\/\/djgroup.es\/wp-content\/uploads\/2025\/06\/logo.webp\",\"contentUrl\":\"https:\/\/djgroup.es\/wp-content\/uploads\/2025\/06\/logo.webp\",\"width\":797,\"height\":181,\"caption\":\"Djgroup\"},\"image\":{\"@id\":\"https:\/\/djgroup.es\/#\/schema\/logo\/image\/\"},\"sameAs\":[\"https:\/\/www.facebook.com\/profile.php?id=61577641345036&mibextid=wwXIfr\",\"https:\/\/www.instagram.com\/djconstruction_realestate?igsh=aHM4bmYwd2E0d2Nz&utm_source=qr\",\"https:\/\/www.tiktok.com\/@dj.construction.reale?_t=ZN-8xX0L7cMxjq&_r=1\"]}]}<\/script>\n<!-- \/ Yoast SEO plugin. -->","yoast_head_json":{"title":"Noticias - Djgroup","robots":{"index":"index","follow":"follow","max-snippet":"max-snippet:-1","max-image-preview":"max-image-preview:large","max-video-preview":"max-video-preview:-1"},"canonical":"https:\/\/djgroup.es\/de\/projekte\/","og_locale":"de_DE","og_type":"article","og_title":"Noticias - Djgroup","og_description":"Conoce nuestros proyectos","og_url":"https:\/\/djgroup.es\/de\/projekte\/","og_site_name":"Djgroup","article_publisher":"https:\/\/www.facebook.com\/profile.php?id=61577641345036&mibextid=wwXIfr","article_modified_time":"2025-12-06T23:06:09+00:00","twitter_card":"summary_large_image","twitter_misc":{"Gesch\u00e4tzte Lesezeit":"6\u00a0Minuten"},"schema":{"@context":"https:\/\/schema.org","@graph":[{"@type":"WebPage","@id":"https:\/\/djgroup.es\/proyectos\/","url":"https:\/\/djgroup.es\/proyectos\/","name":"Noticias - Djgroup","isPartOf":{"@id":"https:\/\/djgroup.es\/#website"},"datePublished":"2025-06-22T06:16:17+00:00","dateModified":"2025-12-06T23:06:09+00:00","breadcrumb":{"@id":"https:\/\/djgroup.es\/proyectos\/#breadcrumb"},"inLanguage":"de","potentialAction":[{"@type":"ReadAction","target":["https:\/\/djgroup.es\/proyectos\/"]}]},{"@type":"BreadcrumbList","@id":"https:\/\/djgroup.es\/proyectos\/#breadcrumb","itemListElement":[{"@type":"ListItem","position":1,"name":"Portada","item":"https:\/\/djgroup.es\/"},{"@type":"ListItem","position":2,"name":"Noticias"}]},{"@type":"WebSite","@id":"https:\/\/djgroup.es\/#website","url":"https:\/\/djgroup.es\/","name":"Djgroup","description":"Nuestra especialidad es la construcci\u00f3n en el sector residencial de obra nueva. Nos encargamos de proyectos de rehabilitacion integral y reformas. como tambien de proyectos realcionados con viviendas unifamiliares","publisher":{"@id":"https:\/\/djgroup.es\/#organization"},"potentialAction":[{"@type":"SearchAction","target":{"@type":"EntryPoint","urlTemplate":"https:\/\/djgroup.es\/?s={search_term_string}"},"query-input":{"@type":"PropertyValueSpecification","valueRequired":true,"valueName":"search_term_string"}}],"inLanguage":"de"},{"@type":"Organization","@id":"https:\/\/djgroup.es\/#organization","name":"Djgroup","url":"https:\/\/djgroup.es\/","logo":{"@type":"ImageObject","inLanguage":"de","@id":"https:\/\/djgroup.es\/#\/schema\/logo\/image\/","url":"https:\/\/djgroup.es\/wp-content\/uploads\/2025\/06\/logo.webp","contentUrl":"https:\/\/djgroup.es\/wp-content\/uploads\/2025\/06\/logo.webp","width":797,"height":181,"caption":"Djgroup"},"image":{"@id":"https:\/\/djgroup.es\/#\/schema\/logo\/image\/"},"sameAs":["https:\/\/www.facebook.com\/profile.php?id=61577641345036&mibextid=wwXIfr","https:\/\/www.instagram.com\/djconstruction_realestate?igsh=aHM4bmYwd2E0d2Nz&utm_source=qr","https:\/\/www.tiktok.com\/@dj.construction.reale?_t=ZN-8xX0L7cMxjq&_r=1"]}]}},"acf":[],"_links":{"self":[{"href":"https:\/\/djgroup.es\/de\/wp-json\/wp\/v2\/pages\/67","targetHints":{"allow":["GET"]}}],"collection":[{"href":"https:\/\/djgroup.es\/de\/wp-json\/wp\/v2\/pages"}],"about":[{"href":"https:\/\/djgroup.es\/de\/wp-json\/wp\/v2\/types\/page"}],"author":[{"embeddable":true,"href":"https:\/\/djgroup.es\/de\/wp-json\/wp\/v2\/users\/1"}],"replies":[{"embeddable":true,"href":"https:\/\/djgroup.es\/de\/wp-json\/wp\/v2\/comments?post=67"}],"version-history":[{"count":35,"href":"https:\/\/djgroup.es\/de\/wp-json\/wp\/v2\/pages\/67\/revisions"}],"predecessor-version":[{"id":2325,"href":"https:\/\/djgroup.es\/de\/wp-json\/wp\/v2\/pages\/67\/revisions\/2325"}],"wp:attachment":[{"href":"https:\/\/djgroup.es\/de\/wp-json\/wp\/v2\/media?parent=67"}],"curies":[{"name":"wp","href":"https:\/\/api.w.org\/{rel}","templated":true}]}}