{"id":59,"date":"2025-06-22T06:14:51","date_gmt":"2025-06-22T06:14:51","guid":{"rendered":"https:\/\/djgroup.alejandrodev.com.co\/?page_id=59"},"modified":"2026-03-05T16:46:53","modified_gmt":"2026-03-05T16:46:53","slug":"inicio","status":"publish","type":"page","link":"https:\/\/djgroup.es\/de\/","title":{"rendered":"Start"},"content":{"rendered":"<div data-elementor-type=\"wp-page\" data-elementor-id=\"59\" class=\"elementor elementor-59\" data-elementor-post-type=\"page\">\n\t\t\t\t<div class=\"elementor-element elementor-element-2147a76 e-flex e-con-boxed elementor-invisible e-con e-parent\" data-id=\"2147a76\" data-element_type=\"container\" data-e-type=\"container\" data-settings=\"{&quot;background_background&quot;:&quot;classic&quot;,&quot;animation&quot;:&quot;fadeIn&quot;,&quot;animation_mobile&quot;:&quot;fadeIn&quot;}\">\n\t\t\t\t\t<div class=\"e-con-inner\">\n\t\t\t\t<div class=\"elementor-element elementor-element-4baa7f7 elementor-widget elementor-widget-slider_revolution\" data-id=\"4baa7f7\" data-element_type=\"widget\" data-e-type=\"widget\" data-widget_type=\"slider_revolution.default\">\n\t\t\t\t<div class=\"elementor-widget-container\">\n\t\t\t\t\t\r\n\t\t<div class=\"wp-block-themepunch-revslider\">\n\t\t\t<!-- START Cinematic Wildlife Slider REVOLUTION SLIDER 6.5.25 --><p class=\"rs-p-wp-fix\"><\/p>\n\t\t\t<rs-module-wrap id=\"rev_slider_2_1_wrapper\" data-source=\"gallery\" style=\"visibility:hidden;background:transparent;padding:0;\">\n\t\t\t\t<rs-module id=\"rev_slider_2_1\" style=\"\" data-version=\"6.5.25\">\n\t\t\t\t\t<rs-slides>\n\t\t\t\t\t\t<rs-slide style=\"position: absolute;\" data-key=\"rs-1\" data-title=\"africa\" data-in=\"o:0;\" data-out=\"a:false;\">\n\t\t\t\t\t\t\t<img fetchpriority=\"high\" decoding=\"async\" src=\"\/\/djgroup.es\/wp-content\/plugins\/revslider\/public\/assets\/assets\/dummy.png\" alt=\"\" width=\"2000\" height=\"1125\" class=\"rev-slidebg tp-rs-img rs-lazyload\" data-lazyload=\"\/\/djgroup.es\/wp-content\/uploads\/2025\/06\/baner-principal-pagina-inicio.jpg\" data-bg=\"p:center top;\" data-parallax=\"4\" data-panzoom=\"d:20000ms;e:power1.inOut;ss:100%;se:120%;oe:5px\/0;\" data-no-retina>\n<!--\n\t\t\t\t\t\t\t--><p\n\t\t\t\t\t\t\t\tid=\"slider-2-slide-1-layer-1\" \n\t\t\t\t\t\t\t\tclass=\"rs-layer\"\n\t\t\t\t\t\t\t\tdata-type=\"text\"\n\t\t\t\t\t\t\t\tdata-color=\"#fff\"\n\t\t\t\t\t\t\t\tdata-rsp_ch=\"on\"\n\t\t\t\t\t\t\t\tdata-xy=\"x:c;y:t,t,t,m;yo:219px,230px,200px,-84px;\"\n\t\t\t\t\t\t\t\tdata-text=\"w:normal,normal,normal,normal;s:80,120,120,30;l:80,110,110,30;ls:2px;fw:700;a:center;\"\n\t\t\t\t\t\t\t\tdata-dim=\"w:1023.8399999999999px,1023px,1023px,463px;minh:0px,none,none,none;\"\n\t\t\t\t\t\t\t\tdata-frame_0=\"y:50;\"\n\t\t\t\t\t\t\t\tdata-frame_1=\"sp:4600;\"\n\t\t\t\t\t\t\t\tdata-frame_999=\"o:0;e:power4.inOut;st:w;sp:1000;sR:4400;\"\n\t\t\t\t\t\t\t\tstyle=\"z-index:6;font-family:'Work Sans';\"\n\t\t\t\t\t\t\t>DJ BAU &amp; IMMOBILIEN \n\t\t\t\t\t\t\t<\/p><!--\n\n\t\t\t\t\t\t\t--><p\n\t\t\t\t\t\t\t\tid=\"slider-2-slide-1-layer-3\" \n\t\t\t\t\t\t\t\tclass=\"rs-layer\"\n\t\t\t\t\t\t\t\tdata-type=\"text\"\n\t\t\t\t\t\t\t\tdata-color=\"rgba(255, 255, 255, 0.7)\"\n\t\t\t\t\t\t\t\tdata-rsp_ch=\"on\"\n\t\t\t\t\t\t\t\tdata-xy=\"x:r;xo:47px,38px,28px,17px;y:b;yo:494px,407px,309px,190px;\"\n\t\t\t\t\t\t\t\tdata-text=\"w:normal,normal,normal,normal;s:17,14,10,6;l:36,29,22,13;a:right;\"\n\t\t\t\t\t\t\t\tdata-dim=\"w:306px,387px,294px,181px;minh:0,none,none,none;\"\n\t\t\t\t\t\t\t\tdata-vbility=\"t,f,f,f\"\n\t\t\t\t\t\t\t\tdata-basealign=\"slide\"\n\t\t\t\t\t\t\t\tdata-frame_0=\"x:50,41,31,19;\"\n\t\t\t\t\t\t\t\tdata-frame_1=\"st:700;sp:4840;sR:700;\"\n\t\t\t\t\t\t\t\tdata-frame_999=\"o:0;e:power4.inOut;st:w;sp:1000;sR:3460;\"\n\t\t\t\t\t\t\t\tstyle=\"z-index:8;font-family:'Work Sans';\"\n\t\t\t\t\t\t\t>Unser Spezialgebiet ist der Wohnungsneubau. Wir \u00fcbernehmen umfassende Sanierungs- und Umbauprojekte sowie Einfamilienhausprojekte. \n\t\t\t\t\t\t\t<\/p><!--\n\n\t\t\t\t\t\t\t--><h3\n\t\t\t\t\t\t\t\tid=\"slider-2-slide-1-layer-4\" \n\t\t\t\t\t\t\t\tclass=\"rs-layer\"\n\t\t\t\t\t\t\t\tdata-type=\"text\"\n\t\t\t\t\t\t\t\tdata-color=\"rgba(255, 255, 255, 0.7)\"\n\t\t\t\t\t\t\t\tdata-rsp_ch=\"on\"\n\t\t\t\t\t\t\t\tdata-xy=\"x:c;xo:2px,0,0,0;yo:167px,190px,160px,143px;\"\n\t\t\t\t\t\t\t\tdata-text=\"w:normal;s:20,20,20,14;ls:3px,3px,3px,6px;fw:500;a:center;\"\n\t\t\t\t\t\t\t\tdata-dim=\"w:1209.99px,1209px,1209px,445px;\"\n\t\t\t\t\t\t\t\tdata-frame_0=\"sX:0.9;sY:0.9;\"\n\t\t\t\t\t\t\t\tdata-frame_1=\"st:3070;sp:1500;sR:3070;\"\n\t\t\t\t\t\t\t\tdata-frame_999=\"o:0;e:power4.inOut;st:w;sp:1000;sR:4430;\"\n\t\t\t\t\t\t\t\tstyle=\"z-index:9;font-family:'Work Sans';text-transform:uppercase;\"\n\t\t\t\t\t\t\t>Spezialisten f\u00fcr hochwertige Bauprojekte und exklusive Immobilien auf Mallorca \n\t\t\t\t\t\t\t<\/h3><!--\n-->\t\t\t\t\t\t<\/rs-slide>\n\t\t\t\t\t<\/rs-slides>\n\t\t\t\t\t<rs-static-layers><!--\n\t\t\t\t\t--><\/rs-static-layers>\n\t\t\t\t<\/rs-module>\n\t\t\t\t<script>\n\t\t\t\t\tsetREVStartSize({c: 'rev_slider_2_1',rl:[1240,1024,778,480],el:[900,768,960,720],gw:[1240,1024,778,480],gh:[900,768,960,720],type:'standard',justify:'',layout:'fullscreen',offsetContainer:'',offset:'',mh:\"0\"});if (window.RS_MODULES!==undefined && window.RS_MODULES.modules!==undefined && window.RS_MODULES.modules[\"revslider21\"]!==undefined) {window.RS_MODULES.modules[\"revslider21\"].once = false;window.revapi2 = undefined;if (window.RS_MODULES.checkMinimal!==undefined) window.RS_MODULES.checkMinimal()}\n\t\t\t\t<\/script>\n\t\t\t<\/rs-module-wrap>\n\t\t\t<!-- END REVOLUTION SLIDER -->\n<\/div>\r\n\r\n\t\t\t\t\t\t<\/div>\n\t\t\t\t<\/div>\n\t\t\t\t\t<\/div>\n\t\t\t\t<\/div>\n\t\t<div class=\"elementor-element elementor-element-c2d9a2d e-flex e-con-boxed e-con e-parent\" data-id=\"c2d9a2d\" data-element_type=\"container\" data-e-type=\"container\" data-settings=\"{&quot;background_background&quot;:&quot;classic&quot;}\">\n\t\t\t\t\t<div class=\"e-con-inner\">\n\t\t\t\t<div class=\"elementor-element elementor-element-78aad31 elementor-widget elementor-widget-case27-basic-search-widget\" data-id=\"78aad31\" data-element_type=\"widget\" data-e-type=\"widget\" data-widget_type=\"case27-basic-search-widget.default\">\n\t\t\t\t<div class=\"elementor-widget-container\">\n\t\t\t\t\t\r\n<div class=\"mylisting-basic-form text-center\" :class=\"tabMode==='dark'?'featured-light':tabMode\"\r\n\tdata-listing-types=\"{&quot;propiedades&quot;:{&quot;id&quot;:114,&quot;name&quot;:&quot;Propiedades&quot;,&quot;icon&quot;:&quot;\\t\\t\\t&lt;i class=\\&quot;fa fa-home\\&quot;&gt;&lt;\\\/i&gt;\\r\\n\\t\\t&quot;,&quot;slug&quot;:&quot;propiedades&quot;,&quot;filters&quot;:{&quot;precio&quot;:&quot;&quot;,&quot;region&quot;:&quot;&quot;,&quot;category&quot;:&quot;&quot;}},&quot;inversiones-mallorca&quot;:{&quot;id&quot;:539,&quot;name&quot;:&quot;Inversiones mallorca&quot;,&quot;icon&quot;:&quot;\\t\\t\\t&lt;i class=\\&quot;fa fa-home\\&quot;&gt;&lt;\\\/i&gt;\\r\\n\\t\\t&quot;,&quot;slug&quot;:&quot;inversiones-mallorca&quot;,&quot;filters&quot;:{&quot;precio&quot;:&quot;&quot;,&quot;metros-cuadrados-del-inmueble&quot;:&quot;&quot;,&quot;metros-cuadrados-del-terreno&quot;:&quot;&quot;}}}\"\r\n\tdata-config=\"{&quot;form_id&quot;:&quot;sform-N42GZ&quot;,&quot;tabs_mode&quot;:&quot;light&quot;,&quot;types_display&quot;:&quot;tabs&quot;,&quot;box_shadow&quot;:true,&quot;target_url&quot;:&quot;https:\\\/\\\/djgroup.es\\\/de\\\/eigenschaften\\\/&quot;}\"\r\n\tv-cloak>\r\n\t<div class=\"featured-search wide\">\r\n\t\t<div class=\"fs-tabs\">\r\n\t\t\t\t\t\t\t<ul class=\"nav nav-tabs cts-carousel no-list-style\" role=\"tablist\">\r\n\t\t\t\t\t<li v-for=\"listingType, key in types\" role=\"presentation\" :class=\"activeType.id===listingType.id?'active':''\">\r\n\t\t\t\t\t\t<a role=\"tab\" @click=\"activeType=listingType\">\r\n\t\t\t\t\t\t\t<div class=\"lt-icon\" v-html=\"listingType.icon\"><\/div>\r\n\t\t\t\t\t\t\t{{ listingType.name }}\r\n\t\t\t\t\t\t<\/a>\r\n\t\t\t\t\t<\/li>\r\n\t\t\t\t\t<li role=\"presentation\" class=\"cts-prev\">zur\u00fcck<\/li>\r\n\t\t\t\t\t<li role=\"presentation\" class=\"cts-next\">n\u00e4chste<\/li>\r\n\t\t\t\t<\/ul>\r\n\t\t\t\r\n\t\t\t<div class=\"tab-content\" :class=\"boxShadow?'add-box-shadow':''\">\r\n\t\t\t\t\t\t\t\t\t<div role=\"tabpanel\" class=\"tab-pane fade in filter-count-4\"\r\n\t\t\t\t\t\t:class=\"activeType.id===114?'active':''\">\r\n\r\n\t\t\t\t\t\t<form method=\"GET\" action=\"\">\r\n\t\t\t\t\t\t\t\r\n\t\t\t\t\t\t\t\t\t\t\t\t\t\t\t\r\n<range-filter\r\n    listing-type=\"propiedades\"\r\n    filter-key=\"precio\"\r\n    location=\"basic-form\"\r\n    label=\"Precio\"\r\n    value=\"\"\r\n    type=\"range\"\r\n    prefix=\"\"\r\n    suffix=\" \u20ac\"\r\n    behavior=\"lower\"\r\n    :min=\"510000\"\r\n    :max=\"25000000\"\r\n    :step=\"1\"\r\n    :format-value=\"true\"\r\n    @input=\"filterChanged\"\r\n    inline-template\r\n>\r\n    <div v-if=\"location === 'primary-filter'\" class=\"explore-head-search form-group radius\">\r\n        <i class=\"mi search\"><\/i>\r\n        <div class=\"mylisting-range-slider\">\r\n            <div class=\"amount\">{{label}}: {{displayValue}}<\/div>\r\n            <div class=\"slider-range\" ref=\"slider\"><\/div>\r\n        <\/div>\r\n    <\/div>\r\n    <div v-else class=\"form-group radius radius1 range-slider explore-filter range-filter\">\r\n    \t<label>{{Etikett}}<\/label>\r\n        <div class=\"mylisting-range-slider\">\r\n            <div class=\"amount\">{{displayValue}}<\/div>\r\n            <div class=\"slider-range\" ref=\"slider\"><\/div>\r\n        <\/div>\r\n    <\/div>\r\n<\/range-filter>\r\n\t\t\t\t\t\t\t\t\t\t\t\t\t\t\t\r\n<dropdown-hierarchy-filter\r\n    listing-type=\"propiedades\"\r\n    filter-key=\"region\"\r\n    location=\"basic-form\"\r\n    label=\"Region\"\r\n    pre-selected=\"[]\"\r\n    ajax-params=\"{&quot;taxonomy&quot;:&quot;region&quot;,&quot;listing-type-id&quot;:114,&quot;orderby&quot;:&quot;name&quot;,&quot;order&quot;:&quot;DESC&quot;,&quot;hide_empty&quot;:&quot;yes&quot;,&quot;term-value&quot;:&quot;slug&quot;}\"\r\n    @input=\"filterChanged\"\r\n    inline-template\r\n>\r\n    <div class=\"cts-term-hierarchy form-group md-group\">\r\n        <input type=\"text\" required ref=\"input\" data-placeholder=\" \"\r\n            class=\"hide\"\r\n            :data-template=\"location==='advanced-form'?'default':'alternate'\"\r\n            :data-selected=\"preSelected\"\r\n            :data-mylisting-ajax-params=\"ajaxParams\"\r\n            @termhierarchy:change=\"handleChange\"\r\n        >\r\n        <label>{{Etikett}}<\/label>\r\n    <\/div>\r\n<\/dropdown-hierarchy-filter>\t\t\t\t\t\t\t\t\t\t\t\t\t\t\t\r\n<dropdown-hierarchy-filter\r\n    listing-type=\"propiedades\"\r\n    filter-key=\"category\"\r\n    location=\"basic-form\"\r\n    label=\"Categoria\"\r\n    pre-selected=\"[]\"\r\n    ajax-params=\"{&quot;taxonomy&quot;:&quot;job_listing_category&quot;,&quot;listing-type-id&quot;:114,&quot;orderby&quot;:&quot;count&quot;,&quot;order&quot;:&quot;DESC&quot;,&quot;hide_empty&quot;:&quot;yes&quot;,&quot;term-value&quot;:&quot;slug&quot;}\"\r\n    @input=\"filterChanged\"\r\n    inline-template\r\n>\r\n    <div class=\"cts-term-hierarchy form-group md-group\">\r\n        <input type=\"text\" required ref=\"input\" data-placeholder=\" \"\r\n            class=\"hide\"\r\n            :data-template=\"location==='advanced-form'?'default':'alternate'\"\r\n            :data-selected=\"preSelected\"\r\n            :data-mylisting-ajax-params=\"ajaxParams\"\r\n            @termhierarchy:change=\"handleChange\"\r\n        >\r\n        <label>{{Etikett}}<\/label>\r\n    <\/div>\r\n<\/dropdown-hierarchy-filter>\t\t\t\t\t\t\t\r\n\t\t\t\t\t\t\t<div class=\"form-group\">\r\n\t\t\t\t\t\t\t\t<button class=\"buttons button-2 search\" @click.prevent=\"submit\">\r\n\t\t\t\t\t\t\t\t\t<i class=\"mi search\"><\/i>\r\n\t\t\t\t\t\t\t\t\tSuchen\t\t\t\t\t\t\t\t<\/button>\r\n\t\t\t\t\t\t\t<\/div>\r\n\t\t\t\t\t\t<input type=\"hidden\" name=\"trp-form-language\" value=\"de\"\/><\/form>\r\n\t\t\t\t\t<\/div>\r\n\t\t\t\t\t\t\t\t\t<div role=\"tabpanel\" class=\"tab-pane fade in filter-count-4\"\r\n\t\t\t\t\t\t:class=\"activeType.id===539?'active':''\">\r\n\r\n\t\t\t\t\t\t<form method=\"GET\" action=\"\">\r\n\t\t\t\t\t\t\t\r\n\t\t\t\t\t\t\t\t\t\t\t\t\t\t\t\r\n<range-filter\r\n    listing-type=\"inversiones-mallorca\"\r\n    filter-key=\"precio\"\r\n    location=\"basic-form\"\r\n    label=\"Precio\"\r\n    value=\"\"\r\n    type=\"range\"\r\n    prefix=\"\"\r\n    suffix=\" \u20ac\"\r\n    behavior=\"lower\"\r\n    :min=\"1995000\"\r\n    :max=\"5800000\"\r\n    :step=\"1\"\r\n    :format-value=\"true\"\r\n    @input=\"filterChanged\"\r\n    inline-template\r\n>\r\n    <div v-if=\"location === 'primary-filter'\" class=\"explore-head-search form-group radius\">\r\n        <i class=\"mi search\"><\/i>\r\n        <div class=\"mylisting-range-slider\">\r\n            <div class=\"amount\">{{label}}: {{displayValue}}<\/div>\r\n            <div class=\"slider-range\" ref=\"slider\"><\/div>\r\n        <\/div>\r\n    <\/div>\r\n    <div v-else class=\"form-group radius radius1 range-slider explore-filter range-filter\">\r\n    \t<label>{{Etikett}}<\/label>\r\n        <div class=\"mylisting-range-slider\">\r\n            <div class=\"amount\">{{displayValue}}<\/div>\r\n            <div class=\"slider-range\" ref=\"slider\"><\/div>\r\n        <\/div>\r\n    <\/div>\r\n<\/range-filter>\r\n\t\t\t\t\t\t\t\t\t\t\t\t\t\t\t\r\n<range-filter\r\n    listing-type=\"inversiones-mallorca\"\r\n    filter-key=\"metros-cuadrados-del-inmueble\"\r\n    location=\"basic-form\"\r\n    label=\"Metros cuadrados del inmueble\"\r\n    value=\"\"\r\n    type=\"range\"\r\n    prefix=\"\"\r\n    suffix=\"Metros cuadrados\"\r\n    behavior=\"lower\"\r\n    :min=\"1500\"\r\n    :max=\"1500\"\r\n    :step=\"1\"\r\n    :format-value=\"true\"\r\n    @input=\"filterChanged\"\r\n    inline-template\r\n>\r\n    <div v-if=\"location === 'primary-filter'\" class=\"explore-head-search form-group radius\">\r\n        <i class=\"mi search\"><\/i>\r\n        <div class=\"mylisting-range-slider\">\r\n            <div class=\"amount\">{{label}}: {{displayValue}}<\/div>\r\n            <div class=\"slider-range\" ref=\"slider\"><\/div>\r\n        <\/div>\r\n    <\/div>\r\n    <div v-else class=\"form-group radius radius1 range-slider explore-filter range-filter\">\r\n    \t<label>{{Etikett}}<\/label>\r\n        <div class=\"mylisting-range-slider\">\r\n            <div class=\"amount\">{{displayValue}}<\/div>\r\n            <div class=\"slider-range\" ref=\"slider\"><\/div>\r\n        <\/div>\r\n    <\/div>\r\n<\/range-filter>\r\n\t\t\t\t\t\t\t\t\t\t\t\t\t\t\t\r\n<range-filter\r\n    listing-type=\"inversiones-mallorca\"\r\n    filter-key=\"metros-cuadrados-del-terreno\"\r\n    location=\"basic-form\"\r\n    label=\"Metros cuadrados del solar\"\r\n    value=\"\"\r\n    type=\"range\"\r\n    prefix=\"\"\r\n    suffix=\"Metros cuadrados\"\r\n    behavior=\"lower\"\r\n    :min=\"47195\"\r\n    :max=\"47195\"\r\n    :step=\"1\"\r\n    :format-value=\"true\"\r\n    @input=\"filterChanged\"\r\n    inline-template\r\n>\r\n    <div v-if=\"location === 'primary-filter'\" class=\"explore-head-search form-group radius\">\r\n        <i class=\"mi search\"><\/i>\r\n        <div class=\"mylisting-range-slider\">\r\n            <div class=\"amount\">{{label}}: {{displayValue}}<\/div>\r\n            <div class=\"slider-range\" ref=\"slider\"><\/div>\r\n        <\/div>\r\n    <\/div>\r\n    <div v-else class=\"form-group radius radius1 range-slider explore-filter range-filter\">\r\n    \t<label>{{Etikett}}<\/label>\r\n        <div class=\"mylisting-range-slider\">\r\n            <div class=\"amount\">{{displayValue}}<\/div>\r\n            <div class=\"slider-range\" ref=\"slider\"><\/div>\r\n        <\/div>\r\n    <\/div>\r\n<\/range-filter>\r\n\t\t\t\t\t\t\t\r\n\t\t\t\t\t\t\t<div class=\"form-group\">\r\n\t\t\t\t\t\t\t\t<button class=\"buttons button-2 search\" @click.prevent=\"submit\">\r\n\t\t\t\t\t\t\t\t\t<i class=\"mi search\"><\/i>\r\n\t\t\t\t\t\t\t\t\tSuchen\t\t\t\t\t\t\t\t<\/button>\r\n\t\t\t\t\t\t\t<\/div>\r\n\t\t\t\t\t\t<input type=\"hidden\" name=\"trp-form-language\" value=\"de\"\/><\/form>\r\n\t\t\t\t\t<\/div>\r\n\t\t\t\t\t\t\t<\/div>\r\n\t\t<\/div>\r\n\t<\/div>\r\n<\/div>\r\n\t\t\t\t<\/div>\n\t\t\t\t<\/div>\n\t\t\t\t\t<\/div>\n\t\t\t\t<\/div>\n\t\t<div class=\"elementor-element elementor-element-7fcf37b e-flex e-con-boxed e-con e-parent\" data-id=\"7fcf37b\" data-element_type=\"container\" data-e-type=\"container\" data-settings=\"{&quot;background_background&quot;:&quot;classic&quot;}\">\n\t\t\t\t\t<div class=\"e-con-inner\">\n\t\t<div class=\"elementor-element elementor-element-a23d83f e-con-full e-flex e-con e-child\" data-id=\"a23d83f\" data-element_type=\"container\" data-e-type=\"container\">\n\t\t<div class=\"elementor-element elementor-element-50389ae e-con-full e-flex e-con e-child\" data-id=\"50389ae\" data-element_type=\"container\" data-e-type=\"container\">\n\t\t\t\t<div class=\"elementor-element elementor-element-17a30b1 elementor-cta--skin-cover elementor-cta--valign-bottom elementor-cta--sequenced-animation elementor-bg-transform elementor-bg-transform-move-up elementor-animated-content elementor-widget elementor-widget-call-to-action\" data-id=\"17a30b1\" data-element_type=\"widget\" data-e-type=\"widget\" data-widget_type=\"call-to-action.default\">\n\t\t\t\t<div class=\"elementor-widget-container\">\n\t\t\t\t\t\t\t<div class=\"elementor-cta\">\n\t\t\t\t\t<div class=\"elementor-cta__bg-wrapper\">\n\t\t\t\t<div class=\"elementor-cta__bg elementor-bg\" style=\"background-image: url(https:\/\/djgroup.es\/wp-content\/uploads\/2025\/06\/Casa-djgroup-1024x576.png);\" role=\"img\" aria-label=\"Casa djgroup\"><\/div>\n\t\t\t\t<div class=\"elementor-cta__bg-overlay\"><\/div>\n\t\t\t<\/div>\n\t\t\t\t\t\t\t<div class=\"elementor-cta__content\">\n\t\t\t\t\n\t\t\t\t\t\t\t\t\t<h2 class=\"elementor-cta__title elementor-cta__content-item elementor-content-item elementor-animated-item--move-up\">\n\t\t\t\t\t\tLuxusapartments\t\t\t\t\t<\/h2>\n\t\t\t\t\n\t\t\t\t\n\t\t\t\t\t\t\t\t\t<div class=\"elementor-cta__button-wrapper elementor-cta__content-item elementor-content-item elementor-animated-item--move-up\">\n\t\t\t\t\t<a class=\"elementor-cta__button elementor-button elementor-size-\" href=\"https:\/\/djgroup.es\/de\/eigenschaften\/?type=propiedades&#038;sort=ultimo&#038;category=apartamento-de-lujo\">\n\t\t\t\t\t\tJetzt ansehen\t\t\t\t\t<\/a>\n\t\t\t\t\t<\/div>\n\t\t\t\t\t\t\t<\/div>\n\t\t\t\t\t\t<\/div>\n\t\t\t\t\t\t<\/div>\n\t\t\t\t<\/div>\n\t\t\t\t<\/div>\n\t\t<div class=\"elementor-element elementor-element-f4c1036 e-con-full e-flex e-con e-child\" data-id=\"f4c1036\" data-element_type=\"container\" data-e-type=\"container\">\n\t\t\t\t<div class=\"elementor-element elementor-element-7147ea0 elementor-cta--skin-cover elementor-cta--valign-bottom elementor-cta--sequenced-animation elementor-bg-transform elementor-bg-transform-move-up elementor-animated-content elementor-widget elementor-widget-call-to-action\" data-id=\"7147ea0\" data-element_type=\"widget\" data-e-type=\"widget\" data-widget_type=\"call-to-action.default\">\n\t\t\t\t<div class=\"elementor-widget-container\">\n\t\t\t\t\t\t\t<div class=\"elementor-cta\">\n\t\t\t\t\t<div class=\"elementor-cta__bg-wrapper\">\n\t\t\t\t<div class=\"elementor-cta__bg elementor-bg\" style=\"background-image: url(https:\/\/djgroup.es\/wp-content\/uploads\/2025\/06\/Apartamento-Djgroup.png);\" role=\"img\" aria-label=\"Djgroup Wohnung\"><\/div>\n\t\t\t\t<div class=\"elementor-cta__bg-overlay\"><\/div>\n\t\t\t<\/div>\n\t\t\t\t\t\t\t<div class=\"elementor-cta__content\">\n\t\t\t\t\n\t\t\t\t\t\t\t\t\t<h2 class=\"elementor-cta__title elementor-cta__content-item elementor-content-item elementor-animated-item--move-up\">\n\t\t\t\t\t\tLuxusimmobilien\t\t\t\t\t<\/h2>\n\t\t\t\t\n\t\t\t\t\n\t\t\t\t\t\t\t\t\t<div class=\"elementor-cta__button-wrapper elementor-cta__content-item elementor-content-item elementor-animated-item--move-up\">\n\t\t\t\t\t<a class=\"elementor-cta__button elementor-button elementor-size-\" href=\"https:\/\/djgroup.es\/de\/eigenschaften\/?type=propiedades&#038;sort=ultimo&#038;category=casas-de-lujo\">\n\t\t\t\t\t\tJetzt ansehen\t\t\t\t\t<\/a>\n\t\t\t\t\t<\/div>\n\t\t\t\t\t\t\t<\/div>\n\t\t\t\t\t\t<\/div>\n\t\t\t\t\t\t<\/div>\n\t\t\t\t<\/div>\n\t\t\t\t<\/div>\n\t\t\t\t<\/div>\n\t\t\t\t<div class=\"elementor-element elementor-element-5c35bcc elementor-widget elementor-widget-heading\" data-id=\"5c35bcc\" data-element_type=\"widget\" data-e-type=\"widget\" data-widget_type=\"heading.default\">\n\t\t\t\t<div class=\"elementor-widget-container\">\n\t\t\t\t\t<h1 class=\"elementor-heading-title elementor-size-default\">Luxusimmobilien auf Mallorca und Bauunternehmen<\/h1>\t\t\t\t<\/div>\n\t\t\t\t<\/div>\n\t\t\t\t<div class=\"elementor-element elementor-element-4804b0a elementor-widget elementor-widget-heading\" data-id=\"4804b0a\" data-element_type=\"widget\" data-e-type=\"widget\" data-widget_type=\"heading.default\">\n\t\t\t\t<div class=\"elementor-widget-container\">\n\t\t\t\t\t<h2 class=\"elementor-heading-title elementor-size-default\">Unsere Immobilien<\/h2>\t\t\t\t<\/div>\n\t\t\t\t<\/div>\n\t\t\t\t<div class=\"elementor-element elementor-element-dceb35f elementor-widget__width-initial elementor-widget elementor-widget-heading\" data-id=\"dceb35f\" data-element_type=\"widget\" data-e-type=\"widget\" data-widget_type=\"heading.default\">\n\t\t\t\t<div class=\"elementor-widget-container\">\n\t\t\t\t\t<h2 class=\"elementor-heading-title elementor-size-default\">F\u00fchrend in der Entwicklung von Luxusimmobilien und im Premium-Bau auf Mallorca<\/h2>\t\t\t\t<\/div>\n\t\t\t\t<\/div>\n\t\t\t\t<div class=\"elementor-element elementor-element-711f9a1 elementor-widget-divider--view-line elementor-widget elementor-widget-divider\" data-id=\"711f9a1\" data-element_type=\"widget\" data-e-type=\"widget\" data-widget_type=\"divider.default\">\n\t\t\t\t<div class=\"elementor-widget-container\">\n\t\t\t\t\t\t\t<div class=\"elementor-divider\">\n\t\t\t<span class=\"elementor-divider-separator\">\n\t\t\t\t\t\t<\/span>\n\t\t<\/div>\n\t\t\t\t\t\t<\/div>\n\t\t\t\t<\/div>\n\t\t\t\t<div class=\"elementor-element elementor-element-cd51992 elementor-widget elementor-widget-case27-listing-feed-widget\" data-id=\"cd51992\" data-element_type=\"widget\" data-e-type=\"widget\" data-widget_type=\"case27-listing-feed-widget.default\">\n\t\t\t\t<div class=\"elementor-widget-container\">\n\t\t\t\t\t\r\n\t\t<section class=\"i-section listing-feed-2\">\r\n\t\t<div class=\"container\">\r\n\t\t\t<div class=\"row section-body\">\r\n\t\t\t\t<div class=\"owl-carousel listing-feed-carousel c27-owl-nav\" owl-mobile=\"1\" owl-tablet=\"2\" owl-desktop=\"3\" owl-speed=\"2.5\" owl-loop=\"1\" owl-autoplay=\"\" nav-style=\"\" nav-mode=\"nav\">\r\n\t\t\t\t\t\t\t\t\t\t\t<div class=\"item\">\r\n\t\t\t\t\t\t\t\t\t\t\t\t\t\t<div\r\n    class=\"lf-item-container listing-preview type-propiedades  no-logo has-tagline has-info-fields level-promoted priority-2\"\r\n    data-id=\"listing-id-843\"\r\n        data-category-icon=\"\t\t\t&lt;i class=&quot;mi bookmark_border&quot; style=&quot;color: #fff; background: #499d9b; &quot;&gt;&lt;\/i&gt;\t\t\"\r\n    data-category-color=\"#499d9b\"\r\n    data-category-text-color=\"#fff\"\r\n        data-thumbnail=\"https:\/\/djgroup.es\/wp-content\/themes\/my-listing\/assets\/images\/marker.jpg\"\r\n    data-marker=\"https:\/\/djgroup.es\/wp-content\/themes\/my-listing\/assets\/images\/marker.jpg\"\r\n    data-template=\"default\"\r\n    data-locations=\"[{&quot;address&quot;:&quot;Avinguda De Gabriel Roca, 07014 Palma, Islas Baleares, Espa\\u00f1a&quot;,&quot;lat&quot;:&quot;39.56878&quot;,&quot;lng&quot;:&quot;2.63485&quot;}]\"\r\n>\r\n<div class=\"lf-item lf-item-default\" data-template=\"default\">\r\n    <a href=\"https:\/\/djgroup.es\/de\/listing\/exklusives-modernes-designer-apartment-direkt-am-meer-an-der-promenade-can-barbara-in-palma\/\">\r\n\r\n        <div class=\"overlay\" style=\"    background-color: #242429;    opacity: 0.5;\"><\/div>\r\n                    <div class=\"owl-carousel lf-background-carousel\">\r\n                                    <div class=\"item\">\r\n                        <div class=\"lf-background\" style=\"background-image: url('https:\/\/djgroup.es\/wp-content\/uploads\/2025\/07\/DZ2A0550-768x512.jpg');\"><\/div>\r\n                    <\/div>\r\n                                    <div class=\"item\">\r\n                        <div class=\"lf-background\" style=\"background-image: url('https:\/\/djgroup.es\/wp-content\/uploads\/2025\/07\/DZ2A0571-copia-768x512.jpg');\"><\/div>\r\n                    <\/div>\r\n                                    <div class=\"item\">\r\n                        <div class=\"lf-background\" style=\"background-image: url('https:\/\/djgroup.es\/wp-content\/uploads\/2025\/07\/DZ2A0551-768x512.jpg');\"><\/div>\r\n                    <\/div>\r\n                            <\/div>\r\n        \r\n        \r\n        <div class=\"lf-item-info\">\r\n            \r\n            <h4 class=\"case27-primary-text listing-preview-title\">\r\n                Exklusive moderne Designwohnung am Paseo Mar\u00edtimo \u2013 Can Barbar\u00e0 (Palma)                            <\/h4>\r\n\r\n            \r\n<ul class=\"lf-contact no-list-style\">\r\n\t            <li >\r\n            \t                \t<i class=\"mi chevron_right sm-icon\"><\/i>\r\n            \t                2.045.000 \u20ac            <\/li>\r\n        <\/ul>\r\n        <\/div>\r\n\r\n    <\/a>\r\n        <div class=\"lf-head level-promoted\">\r\n            <span class=\"tooltip-element tooltip-bottom\">\r\n            <div class=\"lf-head-btn ad-badge\">\r\n                <span><i class=\"icon-flash\"><\/i><\/span>\r\n            <\/div>\r\n            <span class=\"tooltip-container\">Promoted<\/span>\r\n        <\/span>\r\n    \r\n                    <div class=\"lf-head-btn\" >\r\n                    Luxus-Appartement                 <\/div>\r\n                            <div class=\"lf-head-btn\" >\r\n                    Zimmer: 3                 <\/div>\r\n                            <div class=\"lf-head-btn\" >\r\n                    Badezimmer: 3                 <\/div>\r\n            <\/div>\r\n    <div class=\"gallery-nav\">\r\n    <ul class=\"no-list-style\">\r\n        <li><a aria-label=\"Zur\u00fcck\" href=\"#\" class=\"lf-item-prev-btn\"><i class=\"mi keyboard_arrow_left\"><\/i><\/a><\/li>\r\n        <li><a aria-label=\"N\u00e4chste\" href=\"#\" class=\"lf-item-next-btn\"><i class=\"mi keyboard_arrow_right\"><\/i><\/a><\/li>\r\n    <\/ul>\r\n<\/div><\/div>\r\n\r\n        <div class=\"listing-details c27-footer-section\">\r\n            <ul class=\"c27-listing-preview-category-list no-list-style\">\r\n                <li>\r\n                    <a href=\"https:\/\/djgroup.es\/de\/tag\/klimaanlage\/\">\r\n                        <span class=\"cat-icon\" style=\"background-color: #35ada5;\">\r\n                            \t\t\t<i class=\"mi bookmark_border\" style=\"color: #fff; \"><\/i>\r\n\t\t                        <\/span>\r\n                        <span class=\"category-name\">Klimaanlage<\/span>\r\n                    <\/a>\r\n                <\/li>\r\n\r\n                                    <li>\r\n                        <div class=\"categories-dropdown dropdown c27-more-categories\">\r\n                            <span class=\"tooltip-element\">\r\n                                <a href=\"#other-categories\">\r\n                                    <span class=\"cat-icon cat-more\">+4<\/span>\r\n                                <\/a>\r\n                                <span class=\"tooltip-container\">Heizung, Parkplatz, Erstklassige Lage, Meerblick<\/span>\r\n                            <\/span>\r\n                        <\/div>\r\n                    <\/li>\r\n                            <\/ul>\r\n\r\n            <div class=\"ld-info\">\r\n                <ul class=\"no-list-style\">\r\n                                                                            <\/ul>\r\n            <\/div>\r\n        <\/div>\r\n    <\/div>\r\n\t\t\t\t\t\t\t\t\t\t\t\t\t<\/div>\r\n\t\t\t\t\t\t\t\t\t\t\t<div class=\"item\">\r\n\t\t\t\t\t\t\t\t\t\t\t\t\t\t<div\r\n    class=\"lf-item-container listing-preview type-propiedades  no-logo has-tagline has-info-fields level-promoted priority-2\"\r\n    data-id=\"listing-id-827\"\r\n        data-category-icon=\"\t\t\t&lt;i class=&quot;mi bookmark_border&quot; style=&quot;color: #fff; background: #499d9b; &quot;&gt;&lt;\/i&gt;\t\t\"\r\n    data-category-color=\"#499d9b\"\r\n    data-category-text-color=\"#fff\"\r\n        data-thumbnail=\"https:\/\/djgroup.es\/wp-content\/themes\/my-listing\/assets\/images\/marker.jpg\"\r\n    data-marker=\"https:\/\/djgroup.es\/wp-content\/themes\/my-listing\/assets\/images\/marker.jpg\"\r\n    data-template=\"default\"\r\n    data-locations=\"[{&quot;address&quot;:&quot;Carrer Des Forn 11, 07230 Montu\\u00efri, Islas Baleares, Espa\\u00f1a&quot;,&quot;lat&quot;:&quot;39.56618&quot;,&quot;lng&quot;:&quot;2.98007&quot;}]\"\r\n>\r\n<div class=\"lf-item lf-item-default\" data-template=\"default\">\r\n    <a href=\"https:\/\/djgroup.es\/de\/listing\/spektakulares-luxusanwesen-mit-mediterranem-charme-in-montuiri\/\">\r\n\r\n        <div class=\"overlay\" style=\"    background-color: #242429;    opacity: 0.5;\"><\/div>\r\n                    <div class=\"owl-carousel lf-background-carousel\">\r\n                                    <div class=\"item\">\r\n                        <div class=\"lf-background\" style=\"background-image: url('https:\/\/djgroup.es\/wp-content\/uploads\/2025\/07\/659b72d3-5181-4526-a2f7-2ae53a41faac-768x576.jpg');\"><\/div>\r\n                    <\/div>\r\n                                    <div class=\"item\">\r\n                        <div class=\"lf-background\" style=\"background-image: url('https:\/\/djgroup.es\/wp-content\/uploads\/2025\/07\/ae746d20-6a1d-4e9a-a167-3477b9e38a1e-768x512.jpg');\"><\/div>\r\n                    <\/div>\r\n                                    <div class=\"item\">\r\n                        <div class=\"lf-background\" style=\"background-image: url('https:\/\/djgroup.es\/wp-content\/uploads\/2025\/07\/2bf9a7f1-5788-4cb2-adcb-be101084a85e-768x512.jpg');\"><\/div>\r\n                    <\/div>\r\n                            <\/div>\r\n        \r\n        \r\n        <div class=\"lf-item-info\">\r\n            \r\n            <h4 class=\"case27-primary-text listing-preview-title\">\r\n                Spektakul\u00e4res Luxusanwesen mit mediterranem Charme in Montuiri (Mallorca)                            <\/h4>\r\n\r\n            \r\n<ul class=\"lf-contact no-list-style\">\r\n\t            <li >\r\n            \t                \t<i class=\"mi chevron_right sm-icon\"><\/i>\r\n            \t                5.900.000 \u20ac            <\/li>\r\n        <\/ul>\r\n        <\/div>\r\n\r\n    <\/a>\r\n        <div class=\"lf-head level-promoted\">\r\n            <span class=\"tooltip-element tooltip-bottom\">\r\n            <div class=\"lf-head-btn ad-badge\">\r\n                <span><i class=\"icon-flash\"><\/i><\/span>\r\n            <\/div>\r\n            <span class=\"tooltip-container\">Promoted<\/span>\r\n        <\/span>\r\n    \r\n                    <div class=\"lf-head-btn\" >\r\n                    Rustikale Bauernh\u00f6fe                 <\/div>\r\n                            <div class=\"lf-head-btn\" >\r\n                    Zimmer: 6                 <\/div>\r\n                            <div class=\"lf-head-btn\" >\r\n                    Badezimmer: 5                 <\/div>\r\n            <\/div>\r\n    <div class=\"gallery-nav\">\r\n    <ul class=\"no-list-style\">\r\n        <li><a aria-label=\"Zur\u00fcck\" href=\"#\" class=\"lf-item-prev-btn\"><i class=\"mi keyboard_arrow_left\"><\/i><\/a><\/li>\r\n        <li><a aria-label=\"N\u00e4chste\" href=\"#\" class=\"lf-item-next-btn\"><i class=\"mi keyboard_arrow_right\"><\/i><\/a><\/li>\r\n    <\/ul>\r\n<\/div><\/div>\r\n\r\n        <div class=\"listing-details c27-footer-section\">\r\n            <ul class=\"c27-listing-preview-category-list no-list-style\">\r\n                <li>\r\n                    <a href=\"https:\/\/djgroup.es\/de\/tag\/klimaanlage\/\">\r\n                        <span class=\"cat-icon\" style=\"background-color: #35ada5;\">\r\n                            \t\t\t<i class=\"mi bookmark_border\" style=\"color: #fff; \"><\/i>\r\n\t\t                        <\/span>\r\n                        <span class=\"category-name\">Klimaanlage<\/span>\r\n                    <\/a>\r\n                <\/li>\r\n\r\n                                    <li>\r\n                        <div class=\"categories-dropdown dropdown c27-more-categories\">\r\n                            <span class=\"tooltip-element\">\r\n                                <a href=\"#other-categories\">\r\n                                    <span class=\"cat-icon cat-more\">+11<\/span>\r\n                                <\/a>\r\n                                <span class=\"tooltip-container\">Heizung, Kamin, Garten, Neubau, Parkplatz, Schwimmbad, Fu\u00dfbodenheizung, Terrasse, Ruhige Lage, Erstklassige Lage, Bergblick<\/span>\r\n                            <\/span>\r\n                        <\/div>\r\n                    <\/li>\r\n                            <\/ul>\r\n\r\n            <div class=\"ld-info\">\r\n                <ul class=\"no-list-style\">\r\n                                                                            <\/ul>\r\n            <\/div>\r\n        <\/div>\r\n    <\/div>\r\n\t\t\t\t\t\t\t\t\t\t\t\t\t<\/div>\r\n\t\t\t\t\t\t\t\t\t\t\t<div class=\"item\">\r\n\t\t\t\t\t\t\t\t\t\t\t\t\t\t<div\r\n    class=\"lf-item-container listing-preview type-propiedades  no-logo has-tagline has-info-fields level-promoted priority-2\"\r\n    data-id=\"listing-id-806\"\r\n        data-category-icon=\"\t\t\t&lt;i class=&quot;mi bookmark_border&quot; style=&quot;color: #fff; background: #499d9b; &quot;&gt;&lt;\/i&gt;\t\t\"\r\n    data-category-color=\"#499d9b\"\r\n    data-category-text-color=\"#fff\"\r\n        data-thumbnail=\"https:\/\/djgroup.es\/wp-content\/themes\/my-listing\/assets\/images\/marker.jpg\"\r\n    data-marker=\"https:\/\/djgroup.es\/wp-content\/themes\/my-listing\/assets\/images\/marker.jpg\"\r\n    data-template=\"default\"\r\n    data-locations=\"[{&quot;address&quot;:&quot;Carrer De Baronia De Terrades, 07320 Santa Mar\\u00eda del Cam\\u00ed, Islas Baleares, Espa\\u00f1a&quot;,&quot;lat&quot;:&quot;39.64809&quot;,&quot;lng&quot;:&quot;2.78344&quot;}]\"\r\n>\r\n<div class=\"lf-item lf-item-default\" data-template=\"default\">\r\n    <a href=\"https:\/\/djgroup.es\/de\/listing\/exklusives-luxusanwesen-in-santa-maria-del-cami\/\">\r\n\r\n        <div class=\"overlay\" style=\"    background-color: #242429;    opacity: 0.5;\"><\/div>\r\n                    <div class=\"owl-carousel lf-background-carousel\">\r\n                                    <div class=\"item\">\r\n                        <div class=\"lf-background\" style=\"background-image: url('https:\/\/djgroup.es\/wp-content\/uploads\/2025\/07\/thumb_396_1920_0_0_0_crop-768x420.webp');\"><\/div>\r\n                    <\/div>\r\n                                    <div class=\"item\">\r\n                        <div class=\"lf-background\" style=\"background-image: url('https:\/\/djgroup.es\/wp-content\/uploads\/2025\/07\/thumb_382_1920_0_0_0_crop-768x576.webp');\"><\/div>\r\n                    <\/div>\r\n                                    <div class=\"item\">\r\n                        <div class=\"lf-background\" style=\"background-image: url('https:\/\/djgroup.es\/wp-content\/uploads\/2025\/07\/thumb_384_1920_0_0_0_crop-1-768x717.webp');\"><\/div>\r\n                    <\/div>\r\n                            <\/div>\r\n        \r\n        \r\n        <div class=\"lf-item-info\">\r\n            \r\n            <h4 class=\"case27-primary-text listing-preview-title\">\r\n                Exklusive, luxuri\u00f6se, rustikale Finca in Santa Maria del Cam\u00ed, Mallorca                            <\/h4>\r\n\r\n            \r\n<ul class=\"lf-contact no-list-style\">\r\n\t            <li >\r\n            \t                \t<i class=\"mi chevron_right sm-icon\"><\/i>\r\n            \t                8.750.000 \u20ac            <\/li>\r\n        <\/ul>\r\n        <\/div>\r\n\r\n    <\/a>\r\n        <div class=\"lf-head level-promoted\">\r\n            <span class=\"tooltip-element tooltip-bottom\">\r\n            <div class=\"lf-head-btn ad-badge\">\r\n                <span><i class=\"icon-flash\"><\/i><\/span>\r\n            <\/div>\r\n            <span class=\"tooltip-container\">Promoted<\/span>\r\n        <\/span>\r\n    \r\n                    <div class=\"lf-head-btn\" >\r\n                    Rustikale Bauernh\u00f6fe                 <\/div>\r\n                            <div class=\"lf-head-btn\" >\r\n                    Zimmer: 5                 <\/div>\r\n                            <div class=\"lf-head-btn\" >\r\n                    Badezimmer: 5                 <\/div>\r\n            <\/div>\r\n    <div class=\"gallery-nav\">\r\n    <ul class=\"no-list-style\">\r\n        <li><a aria-label=\"Zur\u00fcck\" href=\"#\" class=\"lf-item-prev-btn\"><i class=\"mi keyboard_arrow_left\"><\/i><\/a><\/li>\r\n        <li><a aria-label=\"N\u00e4chste\" href=\"#\" class=\"lf-item-next-btn\"><i class=\"mi keyboard_arrow_right\"><\/i><\/a><\/li>\r\n    <\/ul>\r\n<\/div><\/div>\r\n\r\n        <div class=\"listing-details c27-footer-section\">\r\n            <ul class=\"c27-listing-preview-category-list no-list-style\">\r\n                <li>\r\n                    <a href=\"https:\/\/djgroup.es\/de\/tag\/klimaanlage\/\">\r\n                        <span class=\"cat-icon\" style=\"background-color: #35ada5;\">\r\n                            \t\t\t<i class=\"mi bookmark_border\" style=\"color: #fff; \"><\/i>\r\n\t\t                        <\/span>\r\n                        <span class=\"category-name\">Klimaanlage<\/span>\r\n                    <\/a>\r\n                <\/li>\r\n\r\n                                    <li>\r\n                        <div class=\"categories-dropdown dropdown c27-more-categories\">\r\n                            <span class=\"tooltip-element\">\r\n                                <a href=\"#other-categories\">\r\n                                    <span class=\"cat-icon cat-more\">+13<\/span>\r\n                                <\/a>\r\n                                <span class=\"tooltip-container\">Heizung, Kamin, Fitnessstudio, Garten, Neubau, Parkplatz, Pool, Sicherheitssystem, Fu\u00dfbodenheizung, Terrasse, Erstklassige Lage, Holzbalken, Bergblick<\/span>\r\n                            <\/span>\r\n                        <\/div>\r\n                    <\/li>\r\n                            <\/ul>\r\n\r\n            <div class=\"ld-info\">\r\n                <ul class=\"no-list-style\">\r\n                                                                            <\/ul>\r\n            <\/div>\r\n        <\/div>\r\n    <\/div>\r\n\t\t\t\t\t\t\t\t\t\t\t\t\t<\/div>\r\n\t\t\t\t\t\t\t\t\t\t\t<div class=\"item\">\r\n\t\t\t\t\t\t\t\t\t\t\t\t\t\t<div\r\n    class=\"lf-item-container listing-preview type-propiedades  no-logo has-tagline has-info-fields level-promoted priority-2\"\r\n    data-id=\"listing-id-753\"\r\n        data-category-icon=\"\t\t\t&lt;i class=&quot;mi bookmark_border&quot; style=&quot;color: #fff; background: #499d9b; &quot;&gt;&lt;\/i&gt;\t\t\"\r\n    data-category-color=\"#499d9b\"\r\n    data-category-text-color=\"#fff\"\r\n        data-thumbnail=\"https:\/\/djgroup.es\/wp-content\/themes\/my-listing\/assets\/images\/marker.jpg\"\r\n    data-marker=\"https:\/\/djgroup.es\/wp-content\/themes\/my-listing\/assets\/images\/marker.jpg\"\r\n    data-template=\"default\"\r\n    data-locations=\"[{&quot;address&quot;:&quot;Pla\\u00e7a Sa Pla\\u00e7a, 07110 Bunyola, Islas Baleares, Espa\\u00f1a&quot;,&quot;lat&quot;:&quot;39.69662&quot;,&quot;lng&quot;:&quot;2.69933&quot;}]\"\r\n>\r\n<div class=\"lf-item lf-item-default\" data-template=\"default\">\r\n    <a href=\"https:\/\/djgroup.es\/de\/listing\/spektakulares-neubauhaus-in-bunyola\/\">\r\n\r\n        <div class=\"overlay\" style=\"    background-color: #242429;    opacity: 0.5;\"><\/div>\r\n                    <div class=\"owl-carousel lf-background-carousel\">\r\n                                    <div class=\"item\">\r\n                        <div class=\"lf-background\" style=\"background-image: url('https:\/\/djgroup.es\/wp-content\/uploads\/2025\/07\/thumb_536_1920_0_0_0_crop-768x512.webp');\"><\/div>\r\n                    <\/div>\r\n                                    <div class=\"item\">\r\n                        <div class=\"lf-background\" style=\"background-image: url('https:\/\/djgroup.es\/wp-content\/uploads\/2025\/07\/thumb_535_1920_0_0_0_crop-1-768x640.webp');\"><\/div>\r\n                    <\/div>\r\n                                    <div class=\"item\">\r\n                        <div class=\"lf-background\" style=\"background-image: url('https:\/\/djgroup.es\/wp-content\/uploads\/2025\/07\/thumb_537_1920_0_0_0_crop-768x384.webp');\"><\/div>\r\n                    <\/div>\r\n                            <\/div>\r\n        \r\n        \r\n        <div class=\"lf-item-info\">\r\n            \r\n            <h4 class=\"case27-primary-text listing-preview-title\">\r\n                Spektakul\u00e4res Neubauhaus in Bunyola, Mallorca                            <\/h4>\r\n\r\n            \r\n<ul class=\"lf-contact no-list-style\">\r\n\t            <li >\r\n            \t                \t<i class=\"mi chevron_right sm-icon\"><\/i>\r\n            \t                5.750.000 \u20ac            <\/li>\r\n        <\/ul>\r\n        <\/div>\r\n\r\n    <\/a>\r\n        <div class=\"lf-head level-promoted\">\r\n            <span class=\"tooltip-element tooltip-bottom\">\r\n            <div class=\"lf-head-btn ad-badge\">\r\n                <span><i class=\"icon-flash\"><\/i><\/span>\r\n            <\/div>\r\n            <span class=\"tooltip-container\">Promoted<\/span>\r\n        <\/span>\r\n    \r\n                    <div class=\"lf-head-btn\" >\r\n                    Luxusimmobilien                 <\/div>\r\n                            <div class=\"lf-head-btn\" >\r\n                    Zimmer: 4                 <\/div>\r\n                            <div class=\"lf-head-btn\" >\r\n                    Badezimmer: 4                 <\/div>\r\n            <\/div>\r\n    <div class=\"gallery-nav\">\r\n    <ul class=\"no-list-style\">\r\n        <li><a aria-label=\"Zur\u00fcck\" href=\"#\" class=\"lf-item-prev-btn\"><i class=\"mi keyboard_arrow_left\"><\/i><\/a><\/li>\r\n        <li><a aria-label=\"N\u00e4chste\" href=\"#\" class=\"lf-item-next-btn\"><i class=\"mi keyboard_arrow_right\"><\/i><\/a><\/li>\r\n    <\/ul>\r\n<\/div><\/div>\r\n\r\n        <div class=\"listing-details c27-footer-section\">\r\n            <ul class=\"c27-listing-preview-category-list no-list-style\">\r\n                <li>\r\n                    <a href=\"https:\/\/djgroup.es\/de\/tag\/sicherheitssystem\/\">\r\n                        <span class=\"cat-icon\" style=\"background-color: #232323;\">\r\n                            \t\t\t<i class=\"mi bookmark_border\" style=\"color: #fff; \"><\/i>\r\n\t\t                        <\/span>\r\n                        <span class=\"category-name\">Sicherheitssystem<\/span>\r\n                    <\/a>\r\n                <\/li>\r\n\r\n                                    <li>\r\n                        <div class=\"categories-dropdown dropdown c27-more-categories\">\r\n                            <span class=\"tooltip-element\">\r\n                                <a href=\"#other-categories\">\r\n                                    <span class=\"cat-icon cat-more\">+6<\/span>\r\n                                <\/a>\r\n                                <span class=\"tooltip-container\">Garten, Parkpl\u00e4tze, Terrasse, Bergblick, Parkplatz, Erstklassige Lage<\/span>\r\n                            <\/span>\r\n                        <\/div>\r\n                    <\/li>\r\n                            <\/ul>\r\n\r\n            <div class=\"ld-info\">\r\n                <ul class=\"no-list-style\">\r\n                                                                            <\/ul>\r\n            <\/div>\r\n        <\/div>\r\n    <\/div>\r\n\t\t\t\t\t\t\t\t\t\t\t\t\t<\/div>\r\n\t\t\t\t\t\t\t\t\t\t\t<div class=\"item\">\r\n\t\t\t\t\t\t\t\t\t\t\t\t\t\t<div\r\n    class=\"lf-item-container listing-preview type-propiedades  no-logo has-tagline has-info-fields level-promoted priority-2\"\r\n    data-id=\"listing-id-737\"\r\n        data-category-icon=\"\t\t\t&lt;i class=&quot;mi bookmark_border&quot; style=&quot;color: #fff; background: #499d9b; &quot;&gt;&lt;\/i&gt;\t\t\"\r\n    data-category-color=\"#499d9b\"\r\n    data-category-text-color=\"#fff\"\r\n        data-thumbnail=\"https:\/\/djgroup.es\/wp-content\/themes\/my-listing\/assets\/images\/marker.jpg\"\r\n    data-marker=\"https:\/\/djgroup.es\/wp-content\/themes\/my-listing\/assets\/images\/marker.jpg\"\r\n    data-template=\"default\"\r\n    data-locations=\"[{&quot;address&quot;:&quot;Passatge Es Mol\\u00ed, 07340 Alar\\u00f3, Islas Baleares, Espa\\u00f1a&quot;,&quot;lat&quot;:&quot;39.70812&quot;,&quot;lng&quot;:&quot;2.79250&quot;}]\"\r\n>\r\n<div class=\"lf-item lf-item-default\" data-template=\"default\">\r\n    <a href=\"https:\/\/djgroup.es\/de\/listing\/exklusives-neubauhaus-in-alaro-mit-der-perfekten-kombination-aus-luxus-und-natur\/\">\r\n\r\n        <div class=\"overlay\" style=\"    background-color: #242429;    opacity: 0.5;\"><\/div>\r\n                    <div class=\"owl-carousel lf-background-carousel\">\r\n                                    <div class=\"item\">\r\n                        <div class=\"lf-background\" style=\"background-image: url('https:\/\/djgroup.es\/wp-content\/uploads\/2025\/07\/Tanca-DOlivar-39-768x1152.jpg');\"><\/div>\r\n                    <\/div>\r\n                                    <div class=\"item\">\r\n                        <div class=\"lf-background\" style=\"background-image: url('https:\/\/djgroup.es\/wp-content\/uploads\/2025\/07\/Tanca-DOlivar-Drone-13-768x432.jpg');\"><\/div>\r\n                    <\/div>\r\n                                    <div class=\"item\">\r\n                        <div class=\"lf-background\" style=\"background-image: url('https:\/\/djgroup.es\/wp-content\/uploads\/2025\/07\/Tanca-DOlivar-7-768x1152.jpg');\"><\/div>\r\n                    <\/div>\r\n                            <\/div>\r\n        \r\n        \r\n        <div class=\"lf-item-info\">\r\n            \r\n            <h4 class=\"case27-primary-text listing-preview-title\">\r\n                Exklusives Anwesen in Alar\u00f3 mit der perfekten Kombination aus Luxus und Natur auf Mallorca (TancaDolivar)                            <\/h4>\r\n\r\n            \r\n<ul class=\"lf-contact no-list-style\">\r\n\t            <li >\r\n            \t                \t<i class=\"mi chevron_right sm-icon\"><\/i>\r\n            \t                8.495.000 \u20ac            <\/li>\r\n        <\/ul>\r\n        <\/div>\r\n\r\n    <\/a>\r\n        <div class=\"lf-head level-promoted\">\r\n            <span class=\"tooltip-element tooltip-bottom\">\r\n            <div class=\"lf-head-btn ad-badge\">\r\n                <span><i class=\"icon-flash\"><\/i><\/span>\r\n            <\/div>\r\n            <span class=\"tooltip-container\">Promoted<\/span>\r\n        <\/span>\r\n    \r\n                    <div class=\"lf-head-btn\" >\r\n                    Rustikale Bauernh\u00f6fe                 <\/div>\r\n                            <div class=\"lf-head-btn\" >\r\n                    Zimmer: 4                 <\/div>\r\n                            <div class=\"lf-head-btn\" >\r\n                    Badezimmer: 4                 <\/div>\r\n            <\/div>\r\n    <div class=\"gallery-nav\">\r\n    <ul class=\"no-list-style\">\r\n        <li><a aria-label=\"Zur\u00fcck\" href=\"#\" class=\"lf-item-prev-btn\"><i class=\"mi keyboard_arrow_left\"><\/i><\/a><\/li>\r\n        <li><a aria-label=\"N\u00e4chste\" href=\"#\" class=\"lf-item-next-btn\"><i class=\"mi keyboard_arrow_right\"><\/i><\/a><\/li>\r\n    <\/ul>\r\n<\/div><\/div>\r\n\r\n        <div class=\"listing-details c27-footer-section\">\r\n            <ul class=\"c27-listing-preview-category-list no-list-style\">\r\n                <li>\r\n                    <a href=\"https:\/\/djgroup.es\/de\/tag\/klimaanlage\/\">\r\n                        <span class=\"cat-icon\" style=\"background-color: #35ada5;\">\r\n                            \t\t\t<i class=\"mi bookmark_border\" style=\"color: #fff; \"><\/i>\r\n\t\t                        <\/span>\r\n                        <span class=\"category-name\">Klimaanlage<\/span>\r\n                    <\/a>\r\n                <\/li>\r\n\r\n                                    <li>\r\n                        <div class=\"categories-dropdown dropdown c27-more-categories\">\r\n                            <span class=\"tooltip-element\">\r\n                                <a href=\"#other-categories\">\r\n                                    <span class=\"cat-icon cat-more\">+7<\/span>\r\n                                <\/a>\r\n                                <span class=\"tooltip-container\">Kamin, Garten, Parkpl\u00e4tze, Holzbalken, Swimmingpool, Top-Lage, Ruhige Lage<\/span>\r\n                            <\/span>\r\n                        <\/div>\r\n                    <\/li>\r\n                            <\/ul>\r\n\r\n            <div class=\"ld-info\">\r\n                <ul class=\"no-list-style\">\r\n                                                                            <\/ul>\r\n            <\/div>\r\n        <\/div>\r\n    <\/div>\r\n\t\t\t\t\t\t\t\t\t\t\t\t\t<\/div>\r\n\t\t\t\t\t\t\t\t\t\t\t<div class=\"item\">\r\n\t\t\t\t\t\t\t\t\t\t\t\t\t\t<div\r\n    class=\"lf-item-container listing-preview type-propiedades  no-logo has-tagline has-info-fields level-featured priority-1\"\r\n    data-id=\"listing-id-2493\"\r\n        data-category-icon=\"\t\t\t&lt;i class=&quot;mi bookmark_border&quot; style=&quot;color: #fff; background: #499d9b; &quot;&gt;&lt;\/i&gt;\t\t\"\r\n    data-category-color=\"#499d9b\"\r\n    data-category-text-color=\"#fff\"\r\n        data-thumbnail=\"https:\/\/djgroup.es\/wp-content\/themes\/my-listing\/assets\/images\/marker.jpg\"\r\n    data-marker=\"https:\/\/djgroup.es\/wp-content\/themes\/my-listing\/assets\/images\/marker.jpg\"\r\n    data-template=\"default\"\r\n    data-locations=\"[{&quot;address&quot;:&quot;Disseminat Primera Volta 1662, 07209 Felanitx, Islas Baleares, Espa\\u00f1a&quot;,&quot;lat&quot;:&quot;39.48601&quot;,&quot;lng&quot;:&quot;3.15076&quot;}]\"\r\n>\r\n<div class=\"lf-item lf-item-default\" data-template=\"default\">\r\n    <a href=\"https:\/\/djgroup.es\/de\/listing\/finca-es-castell\/\">\r\n\r\n        <div class=\"overlay\" style=\"    background-color: #242429;    opacity: 0.5;\"><\/div>\r\n                    <div class=\"owl-carousel lf-background-carousel\">\r\n                                    <div class=\"item\">\r\n                        <div class=\"lf-background\" style=\"background-image: url('https:\/\/djgroup.es\/wp-content\/uploads\/2026\/03\/DSC6804-768x512.jpg');\"><\/div>\r\n                    <\/div>\r\n                                    <div class=\"item\">\r\n                        <div class=\"lf-background\" style=\"background-image: url('https:\/\/djgroup.es\/wp-content\/uploads\/2026\/03\/DSC04882-768x513.jpg');\"><\/div>\r\n                    <\/div>\r\n                                    <div class=\"item\">\r\n                        <div class=\"lf-background\" style=\"background-image: url('https:\/\/djgroup.es\/wp-content\/uploads\/2026\/03\/DSC6801-768x512.jpg');\"><\/div>\r\n                    <\/div>\r\n                            <\/div>\r\n        \r\n        \r\n        <div class=\"lf-item-info\">\r\n            \r\n            <h4 class=\"case27-primary-text listing-preview-title\">\r\n                ES CASTELL ESTATE                            <\/h4>\r\n\r\n            \r\n<ul class=\"lf-contact no-list-style\">\r\n\t            <li >\r\n            \t                \t<i class=\"mi chevron_right sm-icon\"><\/i>\r\n            \t                4.750.000 \u20ac            <\/li>\r\n        <\/ul>\r\n        <\/div>\r\n\r\n    <\/a>\r\n        <div class=\"lf-head level-featured\">\r\n            <span class=\"tooltip-element tooltip-bottom\">\r\n            <div class=\"lf-head-btn ad-badge\">\r\n                <span><i class=\"icon-flash\"><\/i><\/span>\r\n            <\/div>\r\n            <span class=\"tooltip-container\">Featured<\/span>\r\n        <\/span>\r\n    \r\n                    <div class=\"lf-head-btn\" >\r\n                    Luxusimmobilien                 <\/div>\r\n                            <div class=\"lf-head-btn\" >\r\n                    Zimmer: 5                 <\/div>\r\n                            <div class=\"lf-head-btn\" >\r\n                    Badezimmer: 5                 <\/div>\r\n            <\/div>\r\n    <div class=\"gallery-nav\">\r\n    <ul class=\"no-list-style\">\r\n        <li><a aria-label=\"Zur\u00fcck\" href=\"#\" class=\"lf-item-prev-btn\"><i class=\"mi keyboard_arrow_left\"><\/i><\/a><\/li>\r\n        <li><a aria-label=\"N\u00e4chste\" href=\"#\" class=\"lf-item-next-btn\"><i class=\"mi keyboard_arrow_right\"><\/i><\/a><\/li>\r\n    <\/ul>\r\n<\/div><\/div>\r\n\r\n        <div class=\"listing-details c27-footer-section\">\r\n            <ul class=\"c27-listing-preview-category-list no-list-style\">\r\n                <li>\r\n                    <a href=\"https:\/\/djgroup.es\/de\/tag\/klimaanlage\/\">\r\n                        <span class=\"cat-icon\" style=\"background-color: #35ada5;\">\r\n                            \t\t\t<i class=\"mi bookmark_border\" style=\"color: #fff; \"><\/i>\r\n\t\t                        <\/span>\r\n                        <span class=\"category-name\">Klimaanlage<\/span>\r\n                    <\/a>\r\n                <\/li>\r\n\r\n                                    <li>\r\n                        <div class=\"categories-dropdown dropdown c27-more-categories\">\r\n                            <span class=\"tooltip-element\">\r\n                                <a href=\"#other-categories\">\r\n                                    <span class=\"cat-icon cat-more\">+13<\/span>\r\n                                <\/a>\r\n                                <span class=\"tooltip-container\">Heizung, Kamin, Garten, Parkpl\u00e4tze, Neubau, Parkplatz, Sicherheitssystem, Swimmingpool, Terrasse, Ruhige Lage, Toplage, Holzbalken, Bergblick<\/span>\r\n                            <\/span>\r\n                        <\/div>\r\n                    <\/li>\r\n                            <\/ul>\r\n\r\n            <div class=\"ld-info\">\r\n                <ul class=\"no-list-style\">\r\n                                                                            <\/ul>\r\n            <\/div>\r\n        <\/div>\r\n    <\/div>\r\n\t\t\t\t\t\t\t\t\t\t\t\t\t<\/div>\r\n\t\t\t\t\t\r\n\t\t\t\t\t\t\t\t\t<\/div>\r\n\t\t\t<\/div>\r\n\t\t<\/div>\r\n\t<\/section>\r\n\t\t\t\t<\/div>\n\t\t\t\t<\/div>\n\t\t\t\t\t<\/div>\n\t\t\t\t<\/div>\n\t\t<div class=\"elementor-element elementor-element-21fb91f e-flex e-con-boxed e-con e-parent\" data-id=\"21fb91f\" data-element_type=\"container\" data-e-type=\"container\" data-settings=\"{&quot;background_background&quot;:&quot;classic&quot;}\">\n\t\t\t\t\t<div class=\"e-con-inner\">\n\t\t<div class=\"elementor-element elementor-element-63e68b2 e-con-full animated-slow e-flex elementor-invisible e-con e-child\" data-id=\"63e68b2\" data-element_type=\"container\" data-e-type=\"container\" data-settings=\"{&quot;animation&quot;:&quot;fadeInUp&quot;,&quot;animation_delay&quot;:100}\">\n\t\t<div class=\"elementor-element elementor-element-5e0d35b e-con-full e-flex e-con e-child\" data-id=\"5e0d35b\" data-element_type=\"container\" data-e-type=\"container\">\n\t\t\t\t<div class=\"elementor-element elementor-element-8a867ac animated-slow elementor-invisible elementor-widget elementor-widget-heading\" data-id=\"8a867ac\" data-element_type=\"widget\" data-e-type=\"widget\" data-settings=\"{&quot;_animation&quot;:&quot;fadeInUp&quot;}\" data-widget_type=\"heading.default\">\n\t\t\t\t<div class=\"elementor-widget-container\">\n\t\t\t\t\t<h1 class=\"elementor-heading-title elementor-size-default\">Unsere Leistungen<\/h1>\t\t\t\t<\/div>\n\t\t\t\t<\/div>\n\t\t\t\t<\/div>\n\t\t<div class=\"elementor-element elementor-element-b4538e2 e-con-full e-flex e-con e-child\" data-id=\"b4538e2\" data-element_type=\"container\" data-e-type=\"container\">\n\t\t<div class=\"elementor-element elementor-element-b24adb9 e-con-full animated-slow e-flex elementor-invisible e-con e-child\" data-id=\"b24adb9\" data-element_type=\"container\" data-e-type=\"container\" data-settings=\"{&quot;animation&quot;:&quot;fadeInUp&quot;,&quot;animation_delay&quot;:200}\">\n\t\t\t\t<div class=\"elementor-element elementor-element-60bdd02 elementor-cta--skin-cover elementor-cta--valign-bottom elementor-bg-transform elementor-bg-transform-zoom-in elementor-widget elementor-widget-call-to-action\" data-id=\"60bdd02\" data-element_type=\"widget\" data-e-type=\"widget\" data-widget_type=\"call-to-action.default\">\n\t\t\t\t<div class=\"elementor-widget-container\">\n\t\t\t\t\t\t\t<div class=\"elementor-cta\">\n\t\t\t\t\t<div class=\"elementor-cta__bg-wrapper\">\n\t\t\t\t<div class=\"elementor-cta__bg elementor-bg\" style=\"background-image: url(https:\/\/djgroup.es\/wp-content\/uploads\/2025\/06\/Diseno-de-proyectos-727x1024.webp);\" role=\"img\" aria-label=\"Projektdesign\"><\/div>\n\t\t\t\t<div class=\"elementor-cta__bg-overlay\"><\/div>\n\t\t\t<\/div>\n\t\t\t\t\t\t\t<div class=\"elementor-cta__content\">\n\t\t\t\t\n\t\t\t\t\t\t\t\t\t<h3 class=\"elementor-cta__title elementor-cta__content-item elementor-content-item\">\n\t\t\t\t\t\tProjektdesign\t\t\t\t\t<\/h3>\n\t\t\t\t\n\t\t\t\t\n\t\t\t\t\t\t\t\t\t<div class=\"elementor-cta__button-wrapper elementor-cta__content-item elementor-content-item\">\n\t\t\t\t\t<a class=\"elementor-cta__button elementor-button elementor-size-\" href=\"https:\/\/djgroup.es\/de\/dienstleistungen\/#dise\u00f1o\">\n\t\t\t\t\t\tWeitere Informationen\t\t\t\t\t<\/a>\n\t\t\t\t\t<\/div>\n\t\t\t\t\t\t\t<\/div>\n\t\t\t\t\t\t<\/div>\n\t\t\t\t\t\t<\/div>\n\t\t\t\t<\/div>\n\t\t\t\t<\/div>\n\t\t<div class=\"elementor-element elementor-element-4284b9a e-con-full animated-slow e-flex elementor-invisible e-con e-child\" data-id=\"4284b9a\" data-element_type=\"container\" data-e-type=\"container\" data-settings=\"{&quot;animation&quot;:&quot;fadeInUp&quot;,&quot;animation_delay&quot;:200}\">\n\t\t\t\t<div class=\"elementor-element elementor-element-606e5e3 elementor-cta--skin-cover elementor-cta--valign-bottom elementor-bg-transform elementor-bg-transform-zoom-in elementor-widget elementor-widget-call-to-action\" data-id=\"606e5e3\" data-element_type=\"widget\" data-e-type=\"widget\" data-widget_type=\"call-to-action.default\">\n\t\t\t\t<div class=\"elementor-widget-container\">\n\t\t\t\t\t\t\t<div class=\"elementor-cta\">\n\t\t\t\t\t<div class=\"elementor-cta__bg-wrapper\">\n\t\t\t\t<div class=\"elementor-cta__bg elementor-bg\" style=\"background-image: url(https:\/\/djgroup.es\/wp-content\/uploads\/2025\/06\/Gestion-de-proyectos-1024x768.webp);\" role=\"img\" aria-label=\"Projektmanagement\"><\/div>\n\t\t\t\t<div class=\"elementor-cta__bg-overlay\"><\/div>\n\t\t\t<\/div>\n\t\t\t\t\t\t\t<div class=\"elementor-cta__content\">\n\t\t\t\t\n\t\t\t\t\t\t\t\t\t<h3 class=\"elementor-cta__title elementor-cta__content-item elementor-content-item\">\n\t\t\t\t\t\tProjektmanagement\t\t\t\t\t<\/h3>\n\t\t\t\t\n\t\t\t\t\n\t\t\t\t\t\t\t\t\t<div class=\"elementor-cta__button-wrapper elementor-cta__content-item elementor-content-item\">\n\t\t\t\t\t<a class=\"elementor-cta__button elementor-button elementor-size-\" href=\"https:\/\/djgroup.es\/de\/dienstleistungen\/#gesion\">\n\t\t\t\t\t\tWeitere Informationen\t\t\t\t\t<\/a>\n\t\t\t\t\t<\/div>\n\t\t\t\t\t\t\t<\/div>\n\t\t\t\t\t\t<\/div>\n\t\t\t\t\t\t<\/div>\n\t\t\t\t<\/div>\n\t\t\t\t<\/div>\n\t\t<div class=\"elementor-element elementor-element-ac62747 e-con-full animated-slow e-flex elementor-invisible e-con e-child\" data-id=\"ac62747\" data-element_type=\"container\" data-e-type=\"container\" data-settings=\"{&quot;animation&quot;:&quot;fadeInUp&quot;,&quot;animation_delay&quot;:200}\">\n\t\t\t\t<div class=\"elementor-element elementor-element-d06a17f elementor-cta--skin-cover elementor-cta--valign-bottom elementor-bg-transform elementor-bg-transform-zoom-in elementor-widget elementor-widget-call-to-action\" data-id=\"d06a17f\" data-element_type=\"widget\" data-e-type=\"widget\" data-widget_type=\"call-to-action.default\">\n\t\t\t\t<div class=\"elementor-widget-container\">\n\t\t\t\t\t\t\t<div class=\"elementor-cta\">\n\t\t\t\t\t<div class=\"elementor-cta__bg-wrapper\">\n\t\t\t\t<div class=\"elementor-cta__bg elementor-bg\" style=\"background-image: url(https:\/\/djgroup.es\/wp-content\/uploads\/2025\/06\/Diseno-de-paisajismo.webp);\" role=\"img\" aria-label=\"Landschaftsgestaltung\"><\/div>\n\t\t\t\t<div class=\"elementor-cta__bg-overlay\"><\/div>\n\t\t\t<\/div>\n\t\t\t\t\t\t\t<div class=\"elementor-cta__content\">\n\t\t\t\t\n\t\t\t\t\t\t\t\t\t<h3 class=\"elementor-cta__title elementor-cta__content-item elementor-content-item\">\n\t\t\t\t\t\tLandschaftsgestaltung\t\t\t\t\t<\/h3>\n\t\t\t\t\n\t\t\t\t\n\t\t\t\t\t\t\t\t\t<div class=\"elementor-cta__button-wrapper elementor-cta__content-item elementor-content-item\">\n\t\t\t\t\t<a class=\"elementor-cta__button elementor-button elementor-size-\" href=\"https:\/\/djgroup.es\/de\/dienstleistungen\/#paisajismo\">\n\t\t\t\t\t\tWeitere Informationen\t\t\t\t\t<\/a>\n\t\t\t\t\t<\/div>\n\t\t\t\t\t\t\t<\/div>\n\t\t\t\t\t\t<\/div>\n\t\t\t\t\t\t<\/div>\n\t\t\t\t<\/div>\n\t\t\t\t<\/div>\n\t\t<div class=\"elementor-element elementor-element-27e733a e-con-full animated-slow e-flex elementor-invisible e-con e-child\" data-id=\"27e733a\" data-element_type=\"container\" data-e-type=\"container\" data-settings=\"{&quot;animation&quot;:&quot;fadeInUp&quot;,&quot;animation_delay&quot;:200}\">\n\t\t\t\t<div class=\"elementor-element elementor-element-ae15add elementor-cta--skin-cover elementor-cta--valign-bottom elementor-bg-transform elementor-bg-transform-zoom-in elementor-widget elementor-widget-call-to-action\" data-id=\"ae15add\" data-element_type=\"widget\" data-e-type=\"widget\" data-widget_type=\"call-to-action.default\">\n\t\t\t\t<div class=\"elementor-widget-container\">\n\t\t\t\t\t\t\t<div class=\"elementor-cta\">\n\t\t\t\t\t<div class=\"elementor-cta__bg-wrapper\">\n\t\t\t\t<div class=\"elementor-cta__bg elementor-bg\" style=\"background-image: url(https:\/\/djgroup.es\/wp-content\/uploads\/2025\/06\/Interiorismode-proyectos-1024x579.webp);\" role=\"img\" aria-label=\"Innenarchitekturprojekte\"><\/div>\n\t\t\t\t<div class=\"elementor-cta__bg-overlay\"><\/div>\n\t\t\t<\/div>\n\t\t\t\t\t\t\t<div class=\"elementor-cta__content\">\n\t\t\t\t\n\t\t\t\t\t\t\t\t\t<h3 class=\"elementor-cta__title elementor-cta__content-item elementor-content-item\">\n\t\t\t\t\t\tInnenarchitekturprojekte\t\t\t\t\t<\/h3>\n\t\t\t\t\n\t\t\t\t\n\t\t\t\t\t\t\t\t\t<div class=\"elementor-cta__button-wrapper elementor-cta__content-item elementor-content-item\">\n\t\t\t\t\t<a class=\"elementor-cta__button elementor-button elementor-size-\" href=\"https:\/\/djgroup.es\/de\/dienstleistungen\/#interiorismo\">\n\t\t\t\t\t\tWeitere Informationen\t\t\t\t\t<\/a>\n\t\t\t\t\t<\/div>\n\t\t\t\t\t\t\t<\/div>\n\t\t\t\t\t\t<\/div>\n\t\t\t\t\t\t<\/div>\n\t\t\t\t<\/div>\n\t\t\t\t<\/div>\n\t\t<div class=\"elementor-element elementor-element-9c4fbee e-con-full animated-slow e-flex elementor-invisible e-con e-child\" data-id=\"9c4fbee\" data-element_type=\"container\" data-e-type=\"container\" data-settings=\"{&quot;animation&quot;:&quot;fadeInUp&quot;,&quot;animation_delay&quot;:300}\">\n\t\t\t\t<div class=\"elementor-element elementor-element-695e39b elementor-cta--skin-cover elementor-cta--valign-bottom elementor-bg-transform elementor-bg-transform-zoom-in elementor-widget elementor-widget-call-to-action\" data-id=\"695e39b\" data-element_type=\"widget\" data-e-type=\"widget\" data-widget_type=\"call-to-action.default\">\n\t\t\t\t<div class=\"elementor-widget-container\">\n\t\t\t\t\t\t\t<div class=\"elementor-cta\">\n\t\t\t\t\t<div class=\"elementor-cta__bg-wrapper\">\n\t\t\t\t<div class=\"elementor-cta__bg elementor-bg\" style=\"background-image: url(https:\/\/djgroup.es\/wp-content\/uploads\/2025\/06\/Mantenimiento-de-proyectos.webp);\" role=\"img\" aria-label=\"Projektwartung\"><\/div>\n\t\t\t\t<div class=\"elementor-cta__bg-overlay\"><\/div>\n\t\t\t<\/div>\n\t\t\t\t\t\t\t<div class=\"elementor-cta__content\">\n\t\t\t\t\n\t\t\t\t\t\t\t\t\t<h3 class=\"elementor-cta__title elementor-cta__content-item elementor-content-item\">\n\t\t\t\t\t\tT\u00e4gliche Wartung\t\t\t\t\t<\/h3>\n\t\t\t\t\n\t\t\t\t\n\t\t\t\t\t\t\t\t\t<div class=\"elementor-cta__button-wrapper elementor-cta__content-item elementor-content-item\">\n\t\t\t\t\t<a class=\"elementor-cta__button elementor-button elementor-size-\" href=\"https:\/\/djgroup.es\/de\/dienstleistungen\/#mantenimiento\">\n\t\t\t\t\t\tWeitere Informationen\t\t\t\t\t<\/a>\n\t\t\t\t\t<\/div>\n\t\t\t\t\t\t\t<\/div>\n\t\t\t\t\t\t<\/div>\n\t\t\t\t\t\t<\/div>\n\t\t\t\t<\/div>\n\t\t\t\t<\/div>\n\t\t\t\t<\/div>\n\t\t\t\t<\/div>\n\t\t\t\t\t<\/div>\n\t\t\t\t<\/div>\n\t\t<div class=\"elementor-element elementor-element-5aa5b83 e-flex e-con-boxed e-con e-parent\" data-id=\"5aa5b83\" data-element_type=\"container\" data-e-type=\"container\" data-settings=\"{&quot;background_background&quot;:&quot;classic&quot;}\">\n\t\t\t\t\t<div class=\"e-con-inner\">\n\t\t<div class=\"elementor-element elementor-element-1538381 e-con-full e-flex e-con e-child\" data-id=\"1538381\" data-element_type=\"container\" data-e-type=\"container\">\n\t\t\t\t<div class=\"elementor-element elementor-element-6d3496f elementor-widget elementor-widget-heading\" data-id=\"6d3496f\" data-element_type=\"widget\" data-e-type=\"widget\" data-widget_type=\"heading.default\">\n\t\t\t\t<div class=\"elementor-widget-container\">\n\t\t\t\t\t<h1 class=\"elementor-heading-title elementor-size-default\">Mallorca, eine Gelegenheit, einen Weg zu schaffen f\u00fcr <span style=\"color:#499D9B\">neue Unternehmen<\/span><\/h1>\t\t\t\t<\/div>\n\t\t\t\t<\/div>\n\t\t\t\t<div class=\"elementor-element elementor-element-4d706bc elementor-button-info elementor-mobile-align-center elementor-widget elementor-widget-button\" data-id=\"4d706bc\" data-element_type=\"widget\" data-e-type=\"widget\" data-widget_type=\"button.default\">\n\t\t\t\t<div class=\"elementor-widget-container\">\n\t\t\t\t\t\t\t\t\t<div class=\"elementor-button-wrapper\">\n\t\t\t\t\t<a class=\"elementor-button elementor-button-link elementor-size-sm\" href=\"https:\/\/djgroup.es\/de\/investieren-sie-auf-mallorca\/\">\n\t\t\t\t\t\t<span class=\"elementor-button-content-wrapper\">\n\t\t\t\t\t\t\t\t\t<span class=\"elementor-button-text\">Weitere Informationen<\/span>\n\t\t\t\t\t<\/span>\n\t\t\t\t\t<\/a>\n\t\t\t\t<\/div>\n\t\t\t\t\t\t\t\t<\/div>\n\t\t\t\t<\/div>\n\t\t\t\t<\/div>\n\t\t<div class=\"elementor-element elementor-element-1f24cea e-con-full e-flex e-con e-child\" data-id=\"1f24cea\" data-element_type=\"container\" data-e-type=\"container\">\n\t\t\t\t<div class=\"elementor-element elementor-element-efcae5f elementor-widget elementor-widget-text-editor\" data-id=\"efcae5f\" data-element_type=\"widget\" data-e-type=\"widget\" data-widget_type=\"text-editor.default\">\n\t\t\t\t<div class=\"elementor-widget-container\">\n\t\t\t\t\t\t\t\t\t<p>Innovative Projekte, die Rentabilit\u00e4t und Erfolg garantieren. Investitionen auf Mallorca bieten au\u00dfergew\u00f6hnliche Chancen, angetrieben durch die steigende Nachfrage nach Immobilien und Tourismus. Wir sind spezialisiert auf innovative Projekte, die Rentabilit\u00e4t und Erfolg garantieren und zu einer Vision nachhaltiger und florierender Unternehmen f\u00fchren.<\/p>\t\t\t\t\t\t\t\t<\/div>\n\t\t\t\t<\/div>\n\t\t\t\t<\/div>\n\t\t\t\t\t<\/div>\n\t\t\t\t<\/div>\n\t\t<div class=\"elementor-element elementor-element-6530da3 e-flex e-con-boxed e-con e-parent\" data-id=\"6530da3\" data-element_type=\"container\" data-e-type=\"container\" data-settings=\"{&quot;background_background&quot;:&quot;classic&quot;}\">\n\t\t\t\t\t<div class=\"e-con-inner\">\n\t\t<div class=\"elementor-element elementor-element-330cf57 e-con-full e-flex e-con e-child\" data-id=\"330cf57\" data-element_type=\"container\" data-e-type=\"container\">\n\t\t\t\t<div class=\"elementor-element elementor-element-c106ec5 elementor-widget elementor-widget-image\" data-id=\"c106ec5\" data-element_type=\"widget\" data-e-type=\"widget\" data-widget_type=\"image.default\">\n\t\t\t\t<div class=\"elementor-widget-container\">\n\t\t\t\t\t\t\t\t\t\t\t\t\t\t\t<img decoding=\"async\" width=\"1370\" height=\"897\" src=\"https:\/\/djgroup.es\/wp-content\/uploads\/2025\/06\/Invierte-en-mayorca.webp\" class=\"elementor-animation-shrink attachment-full size-full wp-image-171\" alt=\"\" srcset=\"https:\/\/djgroup.es\/wp-content\/uploads\/2025\/06\/Invierte-en-mayorca.webp 1370w, https:\/\/djgroup.es\/wp-content\/uploads\/2025\/06\/Invierte-en-mayorca-300x196.webp 300w, https:\/\/djgroup.es\/wp-content\/uploads\/2025\/06\/Invierte-en-mayorca-1024x670.webp 1024w, https:\/\/djgroup.es\/wp-content\/uploads\/2025\/06\/Invierte-en-mayorca-768x503.webp 768w\" sizes=\"(max-width: 1370px) 100vw, 1370px\" \/>\t\t\t\t\t\t\t\t\t\t\t\t\t\t\t<\/div>\n\t\t\t\t<\/div>\n\t\t<div class=\"elementor-element elementor-element-061b23b e-con-full e-flex e-con e-child\" data-id=\"061b23b\" data-element_type=\"container\" data-e-type=\"container\" data-settings=\"{&quot;background_background&quot;:&quot;classic&quot;}\">\n\t\t<div class=\"elementor-element elementor-element-86d682c e-con-full e-flex e-con e-child\" data-id=\"86d682c\" data-element_type=\"container\" data-e-type=\"container\" data-settings=\"{&quot;background_background&quot;:&quot;classic&quot;}\">\n\t\t\t\t<div class=\"elementor-element elementor-element-a80a95c elementor-widget elementor-widget-counter\" data-id=\"a80a95c\" data-element_type=\"widget\" data-e-type=\"widget\" data-widget_type=\"counter.default\">\n\t\t\t\t<div class=\"elementor-widget-container\">\n\t\t\t\t\t\t\t<div class=\"elementor-counter\">\n\t\t\t\t\t\t<div class=\"elementor-counter-number-wrapper\">\n\t\t\t\t<span class=\"elementor-counter-number-prefix\"><\/span>\n\t\t\t\t<span class=\"elementor-counter-number\" data-duration=\"2000\" data-to-value=\"100\" data-from-value=\"0\" data-delimiter=\".\">0<\/span>\n\t\t\t\t<span class=\"elementor-counter-number-suffix\">k<\/span>\n\t\t\t<\/div>\n\t\t<\/div>\n\t\t\t\t\t\t<\/div>\n\t\t\t\t<\/div>\n\t\t\t\t<div class=\"elementor-element elementor-element-213c651 elementor-widget elementor-widget-heading\" data-id=\"213c651\" data-element_type=\"widget\" data-e-type=\"widget\" data-widget_type=\"heading.default\">\n\t\t\t\t<div class=\"elementor-widget-container\">\n\t\t\t\t\t<p class=\"elementor-heading-title elementor-size-default\">Quadratmeter Gesamtbaufl\u00e4che<\/p>\t\t\t\t<\/div>\n\t\t\t\t<\/div>\n\t\t\t\t<\/div>\n\t\t<div class=\"elementor-element elementor-element-9aedfa0 e-con-full e-flex e-con e-child\" data-id=\"9aedfa0\" data-element_type=\"container\" data-e-type=\"container\" data-settings=\"{&quot;background_background&quot;:&quot;classic&quot;}\">\n\t\t\t\t<div class=\"elementor-element elementor-element-de2a037 elementor-widget elementor-widget-counter\" data-id=\"de2a037\" data-element_type=\"widget\" data-e-type=\"widget\" data-widget_type=\"counter.default\">\n\t\t\t\t<div class=\"elementor-widget-container\">\n\t\t\t\t\t\t\t<div class=\"elementor-counter\">\n\t\t\t\t\t\t<div class=\"elementor-counter-number-wrapper\">\n\t\t\t\t<span class=\"elementor-counter-number-prefix\"><\/span>\n\t\t\t\t<span class=\"elementor-counter-number\" data-duration=\"2000\" data-to-value=\"50\" data-from-value=\"0\" data-delimiter=\",\">0<\/span>\n\t\t\t\t<span class=\"elementor-counter-number-suffix\"><\/span>\n\t\t\t<\/div>\n\t\t<\/div>\n\t\t\t\t\t\t<\/div>\n\t\t\t\t<\/div>\n\t\t\t\t<div class=\"elementor-element elementor-element-13b98b6 elementor-widget elementor-widget-heading\" data-id=\"13b98b6\" data-element_type=\"widget\" data-e-type=\"widget\" data-widget_type=\"heading.default\">\n\t\t\t\t<div class=\"elementor-widget-container\">\n\t\t\t\t\t<p class=\"elementor-heading-title elementor-size-default\">Mitarbeiter im Personal<\/p>\t\t\t\t<\/div>\n\t\t\t\t<\/div>\n\t\t\t\t<\/div>\n\t\t<div class=\"elementor-element elementor-element-8d3940a e-con-full e-flex e-con e-child\" data-id=\"8d3940a\" data-element_type=\"container\" data-e-type=\"container\" data-settings=\"{&quot;background_background&quot;:&quot;classic&quot;}\">\n\t\t\t\t<div class=\"elementor-element elementor-element-1b10244 elementor-widget elementor-widget-counter\" data-id=\"1b10244\" data-element_type=\"widget\" data-e-type=\"widget\" data-widget_type=\"counter.default\">\n\t\t\t\t<div class=\"elementor-widget-container\">\n\t\t\t\t\t\t\t<div class=\"elementor-counter\">\n\t\t\t\t\t\t<div class=\"elementor-counter-number-wrapper\">\n\t\t\t\t<span class=\"elementor-counter-number-prefix\"><\/span>\n\t\t\t\t<span class=\"elementor-counter-number\" data-duration=\"2000\" data-to-value=\"30\" data-from-value=\"0\" data-delimiter=\",\">0<\/span>\n\t\t\t\t<span class=\"elementor-counter-number-suffix\"><\/span>\n\t\t\t<\/div>\n\t\t<\/div>\n\t\t\t\t\t\t<\/div>\n\t\t\t\t<\/div>\n\t\t\t\t<div class=\"elementor-element elementor-element-fca95a1 elementor-widget elementor-widget-heading\" data-id=\"fca95a1\" data-element_type=\"widget\" data-e-type=\"widget\" data-widget_type=\"heading.default\">\n\t\t\t\t<div class=\"elementor-widget-container\">\n\t\t\t\t\t<p class=\"elementor-heading-title elementor-size-default\">Derzeit aktive Arbeiten auf Mallorca<\/p>\t\t\t\t<\/div>\n\t\t\t\t<\/div>\n\t\t\t\t<\/div>\n\t\t\t\t<\/div>\n\t\t\t\t<\/div>\n\t\t<div class=\"elementor-element elementor-element-1f03b89 e-con-full e-flex e-con e-child\" data-id=\"1f03b89\" data-element_type=\"container\" data-e-type=\"container\">\n\t\t<div class=\"elementor-element elementor-element-6bfe88c e-con-full e-flex e-con e-child\" data-id=\"6bfe88c\" data-element_type=\"container\" data-e-type=\"container\">\n\t\t<div class=\"elementor-element elementor-element-2706920 e-con-full e-flex e-con e-child\" data-id=\"2706920\" data-element_type=\"container\" data-e-type=\"container\">\n\t\t\t\t<div class=\"elementor-element elementor-element-170d3fb elementor-widget elementor-widget-image\" data-id=\"170d3fb\" data-element_type=\"widget\" data-e-type=\"widget\" data-widget_type=\"image.default\">\n\t\t\t\t<div class=\"elementor-widget-container\">\n\t\t\t\t\t\t\t\t\t\t\t\t\t\t\t<img decoding=\"async\" width=\"1024\" height=\"683\" src=\"https:\/\/djgroup.es\/wp-content\/uploads\/2025\/06\/Urbanismo.webp\" class=\"elementor-animation-grow attachment-full size-full wp-image-172\" alt=\"\" srcset=\"https:\/\/djgroup.es\/wp-content\/uploads\/2025\/06\/Urbanismo.webp 1024w, https:\/\/djgroup.es\/wp-content\/uploads\/2025\/06\/Urbanismo-300x200.webp 300w, https:\/\/djgroup.es\/wp-content\/uploads\/2025\/06\/Urbanismo-768x512.webp 768w\" sizes=\"(max-width: 1024px) 100vw, 1024px\" \/>\t\t\t\t\t\t\t\t\t\t\t\t\t\t\t<\/div>\n\t\t\t\t<\/div>\n\t\t\t\t<\/div>\n\t\t<div class=\"elementor-element elementor-element-18e076f e-con-full e-flex e-con e-child\" data-id=\"18e076f\" data-element_type=\"container\" data-e-type=\"container\">\n\t\t\t\t<div class=\"elementor-element elementor-element-1c12f58 elementor-widget elementor-widget-image\" data-id=\"1c12f58\" data-element_type=\"widget\" data-e-type=\"widget\" data-widget_type=\"image.default\">\n\t\t\t\t<div class=\"elementor-widget-container\">\n\t\t\t\t\t\t\t\t\t\t\t\t\t\t\t<img loading=\"lazy\" decoding=\"async\" width=\"2560\" height=\"1400\" src=\"https:\/\/djgroup.es\/wp-content\/uploads\/2025\/06\/Mayorca-1-scaled.webp\" class=\"elementor-animation-grow attachment-full size-full wp-image-174\" alt=\"\" srcset=\"https:\/\/djgroup.es\/wp-content\/uploads\/2025\/06\/Mayorca-1-scaled.webp 2560w, https:\/\/djgroup.es\/wp-content\/uploads\/2025\/06\/Mayorca-1-300x164.webp 300w, https:\/\/djgroup.es\/wp-content\/uploads\/2025\/06\/Mayorca-1-1024x560.webp 1024w, https:\/\/djgroup.es\/wp-content\/uploads\/2025\/06\/Mayorca-1-768x420.webp 768w, https:\/\/djgroup.es\/wp-content\/uploads\/2025\/06\/Mayorca-1-1536x840.webp 1536w, https:\/\/djgroup.es\/wp-content\/uploads\/2025\/06\/Mayorca-1-2048x1120.webp 2048w\" sizes=\"(max-width: 2560px) 100vw, 2560px\" \/>\t\t\t\t\t\t\t\t\t\t\t\t\t\t\t<\/div>\n\t\t\t\t<\/div>\n\t\t\t\t<\/div>\n\t\t\t\t<\/div>\n\t\t<div class=\"elementor-element elementor-element-6af4af5 e-con-full e-flex e-con e-child\" data-id=\"6af4af5\" data-element_type=\"container\" data-e-type=\"container\">\n\t\t<div class=\"elementor-element elementor-element-24152f2 e-con-full elementor-hidden-mobile e-flex e-con e-child\" data-id=\"24152f2\" data-element_type=\"container\" data-e-type=\"container\">\n\t\t\t\t<div class=\"elementor-element elementor-element-d5697fd elementor-widget elementor-widget-image\" data-id=\"d5697fd\" data-element_type=\"widget\" data-e-type=\"widget\" data-widget_type=\"image.default\">\n\t\t\t\t<div class=\"elementor-widget-container\">\n\t\t\t\t\t\t\t\t\t\t\t\t\t\t\t<img loading=\"lazy\" decoding=\"async\" width=\"2560\" height=\"1440\" src=\"https:\/\/djgroup.es\/wp-content\/uploads\/2025\/06\/Contruccion-de-casas.webp\" class=\"elementor-animation-shrink attachment-full size-full wp-image-175\" alt=\"\" srcset=\"https:\/\/djgroup.es\/wp-content\/uploads\/2025\/06\/Contruccion-de-casas.webp 2560w, https:\/\/djgroup.es\/wp-content\/uploads\/2025\/06\/Contruccion-de-casas-300x169.webp 300w, https:\/\/djgroup.es\/wp-content\/uploads\/2025\/06\/Contruccion-de-casas-1024x576.webp 1024w, https:\/\/djgroup.es\/wp-content\/uploads\/2025\/06\/Contruccion-de-casas-768x432.webp 768w, https:\/\/djgroup.es\/wp-content\/uploads\/2025\/06\/Contruccion-de-casas-1536x864.webp 1536w, https:\/\/djgroup.es\/wp-content\/uploads\/2025\/06\/Contruccion-de-casas-2048x1152.webp 2048w\" sizes=\"(max-width: 2560px) 100vw, 2560px\" \/>\t\t\t\t\t\t\t\t\t\t\t\t\t\t\t<\/div>\n\t\t\t\t<\/div>\n\t\t\t\t<\/div>\n\t\t\t\t<\/div>\n\t\t\t\t<\/div>\n\t\t\t\t\t<\/div>\n\t\t\t\t<\/div>\n\t\t<div class=\"elementor-element elementor-element-240579c e-flex e-con-boxed e-con e-parent\" data-id=\"240579c\" data-element_type=\"container\" data-e-type=\"container\" data-settings=\"{&quot;background_background&quot;:&quot;classic&quot;}\">\n\t\t\t\t\t<div class=\"e-con-inner\">\n\t\t<div class=\"elementor-element elementor-element-85d280b e-con-full e-flex e-con e-child\" data-id=\"85d280b\" data-element_type=\"container\" data-e-type=\"container\">\n\t\t\t\t<div class=\"elementor-element elementor-element-cdee6b6 elementor-widget elementor-widget-image\" data-id=\"cdee6b6\" data-element_type=\"widget\" data-e-type=\"widget\" data-widget_type=\"image.default\">\n\t\t\t\t<div class=\"elementor-widget-container\">\n\t\t\t\t\t\t\t\t\t\t\t\t\t\t\t<img loading=\"lazy\" decoding=\"async\" width=\"1024\" height=\"683\" src=\"https:\/\/djgroup.es\/wp-content\/uploads\/2025\/06\/Construyendo-tus-proyectos-1024x683.webp\" class=\"elementor-animation-shrink attachment-large size-large wp-image-166\" alt=\"\" srcset=\"https:\/\/djgroup.es\/wp-content\/uploads\/2025\/06\/Construyendo-tus-proyectos-1024x683.webp 1024w, https:\/\/djgroup.es\/wp-content\/uploads\/2025\/06\/Construyendo-tus-proyectos-300x200.webp 300w, https:\/\/djgroup.es\/wp-content\/uploads\/2025\/06\/Construyendo-tus-proyectos-768x512.webp 768w, https:\/\/djgroup.es\/wp-content\/uploads\/2025\/06\/Construyendo-tus-proyectos-1536x1024.webp 1536w, https:\/\/djgroup.es\/wp-content\/uploads\/2025\/06\/Construyendo-tus-proyectos.webp 1920w\" sizes=\"(max-width: 1024px) 100vw, 1024px\" \/>\t\t\t\t\t\t\t\t\t\t\t\t\t\t\t<\/div>\n\t\t\t\t<\/div>\n\t\t\t\t<\/div>\n\t\t<div class=\"elementor-element elementor-element-0dfcb35 e-con-full e-flex e-con e-child\" data-id=\"0dfcb35\" data-element_type=\"container\" data-e-type=\"container\">\n\t\t\t\t<div class=\"elementor-element elementor-element-9d4c330 elementor-widget elementor-widget-heading\" data-id=\"9d4c330\" data-element_type=\"widget\" data-e-type=\"widget\" data-widget_type=\"heading.default\">\n\t\t\t\t<div class=\"elementor-widget-container\">\n\t\t\t\t\t<h1 class=\"elementor-heading-title elementor-size-default\">Eine umfassende L\u00f6sung<\/h1>\t\t\t\t<\/div>\n\t\t\t\t<\/div>\n\t\t\t\t<div class=\"elementor-element elementor-element-4eed138 elementor-widget elementor-widget-heading\" data-id=\"4eed138\" data-element_type=\"widget\" data-e-type=\"widget\" data-widget_type=\"heading.default\">\n\t\t\t\t<div class=\"elementor-widget-container\">\n\t\t\t\t\t<h2 class=\"elementor-heading-title elementor-size-default\">Garantie, Qualit\u00e4t und Entwicklung<\/h2>\t\t\t\t<\/div>\n\t\t\t\t<\/div>\n\t\t\t\t<div class=\"elementor-element elementor-element-1beedc9 elementor-widget elementor-widget-text-editor\" data-id=\"1beedc9\" data-element_type=\"widget\" data-e-type=\"widget\" data-widget_type=\"text-editor.default\">\n\t\t\t\t<div class=\"elementor-widget-container\">\n\t\t\t\t\t\t\t\t\t<p>Unsere Spezialit\u00e4t ist das Bauwesen. Wir k\u00fcmmern uns um jedes Detail und verwalten alles, was zur Fertigstellung jedes Projekts erforderlich ist.<\/p><p><strong>Wir verbinden LEIDENSCHAFT, AUTHENTIZIT\u00c4T, KREATIVIT\u00c4T und PROFESSIONALIT\u00c4T<\/strong><\/p><p>damit jedes Projekt das Qualit\u00e4tsniveau erreicht, das unsere Kunden verdienen und sch\u00e4tzen.<\/p>\t\t\t\t\t\t\t\t<\/div>\n\t\t\t\t<\/div>\n\t\t\t\t<div class=\"elementor-element elementor-element-f2a49de elementor-button-info elementor-mobile-align-center elementor-widget elementor-widget-button\" data-id=\"f2a49de\" data-element_type=\"widget\" data-e-type=\"widget\" data-widget_type=\"button.default\">\n\t\t\t\t<div class=\"elementor-widget-container\">\n\t\t\t\t\t\t\t\t\t<div class=\"elementor-button-wrapper\">\n\t\t\t\t\t<a class=\"elementor-button elementor-button-link elementor-size-sm\" href=\"https:\/\/djgroup.es\/de\/uns\/\">\n\t\t\t\t\t\t<span class=\"elementor-button-content-wrapper\">\n\t\t\t\t\t\t<span class=\"elementor-button-icon\">\n\t\t\t\t<svg aria-hidden=\"true\" class=\"e-font-icon-svg e-far-arrow-alt-circle-right\" viewbox=\"0 0 512 512\" xmlns=\"http:\/\/www.w3.org\/2000\/svg\"><path d=\"M504 256C504 119 393 8 256 8S8 119 8 256s111 248 248 248 248-111 248-248zm-448 0c0-110.5 89.5-200 200-200s200 89.5 200 200-89.5 200-200 200S56 366.5 56 256zm72 20v-40c0-6.6 5.4-12 12-12h116v-67c0-10.7 12.9-16 20.5-8.5l99 99c4.7 4.7 4.7 12.3 0 17l-99 99c-7.6 7.6-20.5 2.2-20.5-8.5v-67H140c-6.6 0-12-5.4-12-12z\"><\/path><\/svg>\t\t\t<\/span>\n\t\t\t\t\t\t\t\t\t<span class=\"elementor-button-text\">Lernen Sie uns besser kennen<\/span>\n\t\t\t\t\t<\/span>\n\t\t\t\t\t<\/a>\n\t\t\t\t<\/div>\n\t\t\t\t\t\t\t\t<\/div>\n\t\t\t\t<\/div>\n\t\t\t\t<\/div>\n\t\t\t\t\t<\/div>\n\t\t\t\t<\/div>\n\t\t<div class=\"elementor-element elementor-element-21a9bf4 e-flex e-con-boxed e-con e-parent\" data-id=\"21a9bf4\" data-element_type=\"container\" data-e-type=\"container\" data-settings=\"{&quot;background_background&quot;:&quot;classic&quot;}\">\n\t\t\t\t\t<div class=\"e-con-inner\">\n\t\t\t\t<div class=\"elementor-element elementor-element-b58beca elementor-widget elementor-widget-heading\" data-id=\"b58beca\" data-element_type=\"widget\" data-e-type=\"widget\" data-widget_type=\"heading.default\">\n\t\t\t\t<div class=\"elementor-widget-container\">\n\t\t\t\t\t<h1 class=\"elementor-heading-title elementor-size-default\">Wir f\u00fchren <b>mehr als 15 Jahre<\/b> Erfahrung in der Welt des Bauwesens<\/h1>\t\t\t\t<\/div>\n\t\t\t\t<\/div>\n\t\t\t\t\t<\/div>\n\t\t\t\t<\/div>\n\t\t<div class=\"elementor-element elementor-element-0042697 e-flex e-con-boxed e-con e-parent\" data-id=\"0042697\" data-element_type=\"container\" data-e-type=\"container\" data-settings=\"{&quot;background_background&quot;:&quot;classic&quot;}\">\n\t\t\t\t\t<div class=\"e-con-inner\">\n\t\t<div class=\"elementor-element elementor-element-e13a33d e-con-full e-flex e-con e-child\" data-id=\"e13a33d\" data-element_type=\"container\" data-e-type=\"container\">\n\t\t\t\t<div class=\"elementor-element elementor-element-49a81f9 elementor-widget elementor-widget-image\" data-id=\"49a81f9\" data-element_type=\"widget\" data-e-type=\"widget\" data-widget_type=\"image.default\">\n\t\t\t\t<div class=\"elementor-widget-container\">\n\t\t\t\t\t\t\t\t\t\t\t\t\t\t\t<img loading=\"lazy\" decoding=\"async\" width=\"827\" height=\"1024\" src=\"https:\/\/djgroup.es\/wp-content\/uploads\/2025\/06\/CEO-djgroup-827x1024.webp\" class=\"attachment-large size-large wp-image-495\" alt=\"\" srcset=\"https:\/\/djgroup.es\/wp-content\/uploads\/2025\/06\/CEO-djgroup-827x1024.webp 827w, https:\/\/djgroup.es\/wp-content\/uploads\/2025\/06\/CEO-djgroup-242x300.webp 242w, https:\/\/djgroup.es\/wp-content\/uploads\/2025\/06\/CEO-djgroup-768x951.webp 768w, https:\/\/djgroup.es\/wp-content\/uploads\/2025\/06\/CEO-djgroup.webp 877w\" sizes=\"(max-width: 827px) 100vw, 827px\" \/>\t\t\t\t\t\t\t\t\t\t\t\t\t\t\t<\/div>\n\t\t\t\t<\/div>\n\t\t\t\t<\/div>\n\t\t<div class=\"elementor-element elementor-element-33af43a e-con-full e-flex e-con e-child\" data-id=\"33af43a\" data-element_type=\"container\" data-e-type=\"container\" data-settings=\"{&quot;background_background&quot;:&quot;classic&quot;}\">\n\t\t\t\t<div class=\"elementor-element elementor-element-824275f elementor-widget elementor-widget-heading\" data-id=\"824275f\" data-element_type=\"widget\" data-e-type=\"widget\" data-widget_type=\"heading.default\">\n\t\t\t\t<div class=\"elementor-widget-container\">\n\t\t\t\t\t<h2 class=\"elementor-heading-title elementor-size-default\">Jes\u00fas Miguel Garrido Jaut<\/h2>\t\t\t\t<\/div>\n\t\t\t\t<\/div>\n\t\t\t\t<div class=\"elementor-element elementor-element-271fd16 elementor-widget elementor-widget-text-editor\" data-id=\"271fd16\" data-element_type=\"widget\" data-e-type=\"widget\" data-widget_type=\"text-editor.default\">\n\t\t\t\t<div class=\"elementor-widget-container\">\n\t\t\t\t\t\t\t\t\t<p>Im Jahr 2017 gr\u00fcndete der entschlossene Unternehmer Jes\u00fas Miguel Garrido Jaut Obra Civil de Pipelines SL, ein junges Unternehmen mit Fachleuten mit jahrzehntelanger Erfahrung. Wir engagieren uns f\u00fcr die Umwelt, aber auch f\u00fcr Innovation. Aus diesem Grund setzen wir auf den Einsatz neuer erneuerbarer und nachhaltiger Bautechniken und -materialien.<\/p>\t\t\t\t\t\t\t\t<\/div>\n\t\t\t\t<\/div>\n\t\t\t\t<div class=\"elementor-element elementor-element-4eb22fd elementor-widget elementor-widget-n-accordion\" data-id=\"4eb22fd\" data-element_type=\"widget\" data-e-type=\"widget\" data-settings=\"{&quot;default_state&quot;:&quot;all_collapsed&quot;,&quot;max_items_expended&quot;:&quot;one&quot;,&quot;n_accordion_animation_duration&quot;:{&quot;unit&quot;:&quot;ms&quot;,&quot;size&quot;:400,&quot;sizes&quot;:[]}}\" data-widget_type=\"nested-accordion.default\">\n\t\t\t\t<div class=\"elementor-widget-container\">\n\t\t\t\t\t\t\t<div class=\"e-n-accordion\" aria-label=\"Akkordeon. \u00d6ffnen Sie Links mit der Eingabetaste oder der Leertaste, schlie\u00dfen Sie sie mit der Escape-Taste und navigieren Sie mit den Pfeiltasten\">\n\t\t\t\t\t\t<details id=\"e-n-accordion-item-8250\" class=\"e-n-accordion-item\" >\n\t\t\t\t<summary class=\"e-n-accordion-item-title\" data-accordion-index=\"1\" tabindex=\"0\" aria-expanded=\"false\" aria-controls=\"e-n-accordion-item-8250\" >\n\t\t\t\t\t<span class='e-n-accordion-item-title-header'><span class=\"e-n-accordion-item-title-text\"> Weitere Informationen <\/span><\/span>\n\t\t\t\t\t\t\t<span class='e-n-accordion-item-title-icon'>\n\t\t\t<span class='e-opened' ><svg aria-hidden=\"true\" class=\"e-font-icon-svg e-fas-minus\" viewbox=\"0 0 448 512\" xmlns=\"http:\/\/www.w3.org\/2000\/svg\"><path d=\"M416 208H32c-17.67 0-32 14.33-32 32v32c0 17.67 14.33 32 32 32h384c17.67 0 32-14.33 32-32v-32c0-17.67-14.33-32-32-32z\"><\/path><\/svg><\/span>\n\t\t\t<span class='e-closed'><svg aria-hidden=\"true\" class=\"e-font-icon-svg e-fas-plus\" viewbox=\"0 0 448 512\" xmlns=\"http:\/\/www.w3.org\/2000\/svg\"><path d=\"M416 208H272V64c0-17.67-14.33-32-32-32h-32c-17.67 0-32 14.33-32 32v144H32c-17.67 0-32 14.33-32 32v32c0 17.67 14.33 32 32 32h144v144c0 17.67 14.33 32 32 32h32c17.67 0 32-14.33 32-32V304h144c17.67 0 32-14.33 32-32v-32c0-17.67-14.33-32-32-32z\"><\/path><\/svg><\/span>\n\t\t<\/span>\n\n\t\t\t\t\t\t<\/summary>\n\t\t\t\t<div role=\"region\" aria-labelledby=\"e-n-accordion-item-8250\" class=\"elementor-element elementor-element-eae2a24 e-con-full e-flex e-con e-child\" data-id=\"eae2a24\" data-element_type=\"container\" data-e-type=\"container\" data-settings=\"{&quot;background_background&quot;:&quot;classic&quot;}\">\n\t\t<div role=\"region\" aria-labelledby=\"e-n-accordion-item-8250\" class=\"elementor-element elementor-element-80f36e4 e-flex e-con-boxed e-con e-child\" data-id=\"80f36e4\" data-element_type=\"container\" data-e-type=\"container\">\n\t\t\t\t\t<div class=\"e-con-inner\">\n\t\t\t\t<div class=\"elementor-element elementor-element-4aea124 elementor-widget elementor-widget-text-editor\" data-id=\"4aea124\" data-element_type=\"widget\" data-e-type=\"widget\" data-widget_type=\"text-editor.default\">\n\t\t\t\t<div class=\"elementor-widget-container\">\n\t\t\t\t\t\t\t\t\t<p class=\"ds-markdown-paragraph\">Wir halten die geltenden Vorschriften ein und verbessern unser Unternehmensmanagement kontinuierlich, um Qualit\u00e4t und \u00f6kologische Nachhaltigkeit zu gew\u00e4hrleisten. Wir engagieren uns stark f\u00fcr unsere Mitarbeiter, sowohl in Bezug auf Gesundheit und Sicherheit als auch auf Schulungen. Wir streben nach h\u00f6chster Qualit\u00e4t und erreichen diese durch pers\u00f6nliche Betreuung und ehrliche, effektive Beratung w\u00e4hrend des gesamten Projektprozesses.<\/p>\t\t\t\t\t\t\t\t<\/div>\n\t\t\t\t<\/div>\n\t\t\t\t\t<\/div>\n\t\t\t\t<\/div>\n\t\t\t\t<\/div>\n\t\t\t\t\t<\/details>\n\t\t\t\t\t<\/div>\n\t\t\t\t\t\t<\/div>\n\t\t\t\t<\/div>\n\t\t\t\t<\/div>\n\t\t\t\t\t<\/div>\n\t\t\t\t<\/div>\n\t\t<div class=\"elementor-element elementor-element-c5e21a0 e-flex e-con-boxed e-con e-parent\" data-id=\"c5e21a0\" data-element_type=\"container\" data-e-type=\"container\" data-settings=\"{&quot;background_background&quot;:&quot;classic&quot;}\">\n\t\t\t\t\t<div class=\"e-con-inner\">\n\t\t<div class=\"elementor-element elementor-element-0e4ad51 e-con-full animated-slow e-flex elementor-invisible e-con e-child\" data-id=\"0e4ad51\" data-element_type=\"container\" data-e-type=\"container\" data-settings=\"{&quot;animation&quot;:&quot;fadeInUp&quot;,&quot;animation_delay&quot;:100}\">\n\t\t<div class=\"elementor-element elementor-element-9b2828a e-con-full e-flex e-con e-child\" data-id=\"9b2828a\" data-element_type=\"container\" data-e-type=\"container\">\n\t\t\t\t<div class=\"elementor-element elementor-element-8465002 animated-slow elementor-invisible elementor-widget elementor-widget-heading\" data-id=\"8465002\" data-element_type=\"widget\" data-e-type=\"widget\" data-settings=\"{&quot;_animation&quot;:&quot;fadeInUp&quot;}\" data-widget_type=\"heading.default\">\n\t\t\t\t<div class=\"elementor-widget-container\">\n\t\t\t\t\t<h1 class=\"elementor-heading-title elementor-size-default\">Erfahren Sie mehr \u00fcber unsere Projekte<\/h1>\t\t\t\t<\/div>\n\t\t\t\t<\/div>\n\t\t\t\t<div class=\"elementor-element elementor-element-272e4d9 elementor-widget-divider--view-line elementor-widget elementor-widget-divider\" data-id=\"272e4d9\" data-element_type=\"widget\" data-e-type=\"widget\" data-widget_type=\"divider.default\">\n\t\t\t\t<div class=\"elementor-widget-container\">\n\t\t\t\t\t\t\t<div class=\"elementor-divider\">\n\t\t\t<span class=\"elementor-divider-separator\">\n\t\t\t\t\t\t<\/span>\n\t\t<\/div>\n\t\t\t\t\t\t<\/div>\n\t\t\t\t<\/div>\n\t\t\t\t<\/div>\n\t\t<div class=\"elementor-element elementor-element-bfc2f34 e-con-full e-flex e-con e-child\" data-id=\"bfc2f34\" data-element_type=\"container\" data-e-type=\"container\">\n\t\t\t\t<div class=\"elementor-element elementor-element-3844999 elementor-grid-3 elementor-grid-tablet-2 elementor-grid-mobile-1 elementor-posts--thumbnail-top elementor-card-shadow-yes elementor-posts__hover-gradient elementor-widget elementor-widget-posts\" data-id=\"3844999\" data-element_type=\"widget\" data-e-type=\"widget\" data-settings=\"{&quot;cards_columns&quot;:&quot;3&quot;,&quot;cards_columns_tablet&quot;:&quot;2&quot;,&quot;cards_columns_mobile&quot;:&quot;1&quot;,&quot;cards_row_gap&quot;:{&quot;unit&quot;:&quot;px&quot;,&quot;size&quot;:35,&quot;sizes&quot;:[]},&quot;cards_row_gap_tablet&quot;:{&quot;unit&quot;:&quot;px&quot;,&quot;size&quot;:&quot;&quot;,&quot;sizes&quot;:[]},&quot;cards_row_gap_mobile&quot;:{&quot;unit&quot;:&quot;px&quot;,&quot;size&quot;:&quot;&quot;,&quot;sizes&quot;:[]}}\" data-widget_type=\"posts.cards\">\n\t\t\t\t<div class=\"elementor-widget-container\">\n\t\t\t\t\t\t\t<div class=\"elementor-posts-container elementor-posts elementor-posts--skin-cards elementor-grid\">\n\t\t\t\t<article class=\"elementor-post elementor-grid-item post-2242 post type-post status-publish format-standard has-post-thumbnail hentry category-proyectos\">\n\t\t\t<div class=\"elementor-post__card\">\n\t\t\t\t<a class=\"elementor-post__thumbnail__link\" href=\"https:\/\/djgroup.es\/de\/landliches-immobilienentwicklungsprojekt-in-alaro\/\" tabindex=\"-1\" ><div class=\"elementor-post__thumbnail\"><img loading=\"lazy\" decoding=\"async\" width=\"300\" height=\"200\" src=\"https:\/\/djgroup.es\/wp-content\/uploads\/2025\/07\/Tanca-DOlivar-184-300x200.jpg\" class=\"attachment-medium size-medium wp-image-2659\" alt=\"\" srcset=\"https:\/\/djgroup.es\/wp-content\/uploads\/2025\/07\/Tanca-DOlivar-184-300x200.jpg 300w, https:\/\/djgroup.es\/wp-content\/uploads\/2025\/07\/Tanca-DOlivar-184-1024x683.jpg 1024w, https:\/\/djgroup.es\/wp-content\/uploads\/2025\/07\/Tanca-DOlivar-184-768x512.jpg 768w, https:\/\/djgroup.es\/wp-content\/uploads\/2025\/07\/Tanca-DOlivar-184-1536x1024.jpg 1536w, https:\/\/djgroup.es\/wp-content\/uploads\/2025\/07\/Tanca-DOlivar-184.jpg 2048w\" sizes=\"(max-width: 300px) 100vw, 300px\" \/><\/div><\/a>\n\t\t\t\t<div class=\"elementor-post__badge\">Projekte<\/div>\n\t\t\t\t<div class=\"elementor-post__text\">\n\t\t\t\t<h3 class=\"elementor-post__title\">\n\t\t\t<a href=\"https:\/\/djgroup.es\/de\/landliches-immobilienentwicklungsprojekt-in-alaro\/\" >\n\t\t\t\tNeubauprojekt f\u00fcr ein l\u00e4ndliches Anwesen in Alar\u00f3\t\t\t<\/a>\n\t\t<\/h3>\n\t\t\t\t<div class=\"elementor-post__excerpt\">\n\t\t\t<p>Bau eines l\u00e4ndlichen Anwesens: Neubau eines l\u00e4ndlichen Anwesens mit einer Gesamtfl\u00e4che von 678 m\u00b2. Das Projekt beginnt.<\/p>\n\t\t<\/div>\n\t\t\n\t\t<a class=\"elementor-post__read-more\" href=\"https:\/\/djgroup.es\/de\/landliches-immobilienentwicklungsprojekt-in-alaro\/\" aria-label=\"Read more about Proyecto Obra nueva Finca R\u00fastica en Alar\u00f3\" tabindex=\"-1\" >\n\t\t\tMehr lesen &quot;\t\t<\/a>\n\n\t\t\t\t<\/div>\n\t\t\t\t<div class=\"elementor-post__meta-data\">\n\t\t\t\t\t<span class=\"elementor-post-date\">\n\t\t\t12. August 2025\t\t<\/span>\n\t\t\t\t<\/div>\n\t\t\t\t\t<\/div>\n\t\t<\/article>\n\t\t\t\t<article class=\"elementor-post elementor-grid-item post-1886 post type-post status-publish format-standard has-post-thumbnail hentry category-proyectos\">\n\t\t\t<div class=\"elementor-post__card\">\n\t\t\t\t<a class=\"elementor-post__thumbnail__link\" href=\"https:\/\/djgroup.es\/de\/rustikales-immobilienprojekt-in-santa-maria-del-cami-im-gange\/\" tabindex=\"-1\" ><div class=\"elementor-post__thumbnail\"><img loading=\"lazy\" decoding=\"async\" width=\"300\" height=\"169\" src=\"https:\/\/djgroup.es\/wp-content\/uploads\/2025\/05\/CanNaSerra_drone_18_3_26-4-300x169.jpg\" class=\"attachment-medium size-medium wp-image-2703\" alt=\"\" srcset=\"https:\/\/djgroup.es\/wp-content\/uploads\/2025\/05\/CanNaSerra_drone_18_3_26-4-300x169.jpg 300w, https:\/\/djgroup.es\/wp-content\/uploads\/2025\/05\/CanNaSerra_drone_18_3_26-4-1024x576.jpg 1024w, https:\/\/djgroup.es\/wp-content\/uploads\/2025\/05\/CanNaSerra_drone_18_3_26-4-768x432.jpg 768w, https:\/\/djgroup.es\/wp-content\/uploads\/2025\/05\/CanNaSerra_drone_18_3_26-4-1536x863.jpg 1536w, https:\/\/djgroup.es\/wp-content\/uploads\/2025\/05\/CanNaSerra_drone_18_3_26-4.jpg 2048w\" sizes=\"(max-width: 300px) 100vw, 300px\" \/><\/div><\/a>\n\t\t\t\t<div class=\"elementor-post__badge\">Projekte<\/div>\n\t\t\t\t<div class=\"elementor-post__text\">\n\t\t\t\t<h3 class=\"elementor-post__title\">\n\t\t\t<a href=\"https:\/\/djgroup.es\/de\/rustikales-immobilienprojekt-in-santa-maria-del-cami-im-gange\/\" >\n\t\t\t\tL\u00e4ndliches Immobilienprojekt in Santa Maria del Cam\u00ed\t\t\t<\/a>\n\t\t<\/h3>\n\t\t\t\t<div class=\"elementor-post__excerpt\">\n\t\t\t<p>Wir errichten derzeit ein neues rustikales Anwesen mit einer Gesamtfl\u00e4che von 818 Quadratmetern.<\/p>\n\t\t<\/div>\n\t\t\n\t\t<a class=\"elementor-post__read-more\" href=\"https:\/\/djgroup.es\/de\/rustikales-immobilienprojekt-in-santa-maria-del-cami-im-gange\/\" aria-label=\"Read more about Proyecto en Ejecuci\u00f3n de Finca R\u00fastica en santa Maria del Cam\u00ed\" tabindex=\"-1\" >\n\t\t\tMehr lesen &quot;\t\t<\/a>\n\n\t\t\t\t<\/div>\n\t\t\t\t<div class=\"elementor-post__meta-data\">\n\t\t\t\t\t<span class=\"elementor-post-date\">\n\t\t\t30. Mai 2025\t\t<\/span>\n\t\t\t\t<\/div>\n\t\t\t\t\t<\/div>\n\t\t<\/article>\n\t\t\t\t<article class=\"elementor-post elementor-grid-item post-1786 post type-post status-publish format-standard has-post-thumbnail hentry category-proyectos\">\n\t\t\t<div class=\"elementor-post__card\">\n\t\t\t\t<a class=\"elementor-post__thumbnail__link\" href=\"https:\/\/djgroup.es\/de\/umfassende-sanierung-der-fassade-und-des-ausenbereichs\/\" tabindex=\"-1\" ><div class=\"elementor-post__thumbnail\"><img loading=\"lazy\" decoding=\"async\" width=\"300\" height=\"200\" src=\"https:\/\/djgroup.es\/wp-content\/uploads\/2025\/07\/DZ2A9152-300x200.jpg\" class=\"attachment-medium size-medium wp-image-1752\" alt=\"\" srcset=\"https:\/\/djgroup.es\/wp-content\/uploads\/2025\/07\/DZ2A9152-300x200.jpg 300w, https:\/\/djgroup.es\/wp-content\/uploads\/2025\/07\/DZ2A9152-1024x683.jpg 1024w, https:\/\/djgroup.es\/wp-content\/uploads\/2025\/07\/DZ2A9152-768x512.jpg 768w, https:\/\/djgroup.es\/wp-content\/uploads\/2025\/07\/DZ2A9152-1536x1024.jpg 1536w, https:\/\/djgroup.es\/wp-content\/uploads\/2025\/07\/DZ2A9152-2048x1365.jpg 2048w\" sizes=\"(max-width: 300px) 100vw, 300px\" \/><\/div><\/a>\n\t\t\t\t<div class=\"elementor-post__badge\">Projekte<\/div>\n\t\t\t\t<div class=\"elementor-post__text\">\n\t\t\t\t<h3 class=\"elementor-post__title\">\n\t\t\t<a href=\"https:\/\/djgroup.es\/de\/umfassende-sanierung-der-fassade-und-des-ausenbereichs\/\" >\n\t\t\t\tKomplette Fassaden- und Au\u00dfenrenovierung in Costa de la Calma\t\t\t<\/a>\n\t\t<\/h3>\n\t\t\t\t<div class=\"elementor-post__excerpt\">\n\t\t\t<p>Bei diesem architektonischen Eingriff wurde eine umfassende Renovierung der Fassade und der Au\u00dfenr\u00e4ume des Hauses durchgef\u00fchrt,<\/p>\n\t\t<\/div>\n\t\t\n\t\t<a class=\"elementor-post__read-more\" href=\"https:\/\/djgroup.es\/de\/umfassende-sanierung-der-fassade-und-des-ausenbereichs\/\" aria-label=\"Read more about Reforma Integral de fachada y exteriores en Costa de la Calma\" tabindex=\"-1\" >\n\t\t\tMehr lesen &quot;\t\t<\/a>\n\n\t\t\t\t<\/div>\n\t\t\t\t<div class=\"elementor-post__meta-data\">\n\t\t\t\t\t<span class=\"elementor-post-date\">\n\t\t\t28. April 2025\t\t<\/span>\n\t\t\t\t<\/div>\n\t\t\t\t\t<\/div>\n\t\t<\/article>\n\t\t\t\t<article class=\"elementor-post elementor-grid-item post-1943 post type-post status-publish format-standard has-post-thumbnail hentry category-proyectos\">\n\t\t\t<div class=\"elementor-post__card\">\n\t\t\t\t<a class=\"elementor-post__thumbnail__link\" href=\"https:\/\/djgroup.es\/de\/umfassende-wohnungssanierung\/\" tabindex=\"-1\" ><div class=\"elementor-post__thumbnail\"><img loading=\"lazy\" decoding=\"async\" width=\"300\" height=\"200\" src=\"https:\/\/djgroup.es\/wp-content\/uploads\/2025\/08\/DZ2A1687-copia-2-300x200.jpg\" class=\"attachment-medium size-medium wp-image-2013\" alt=\"\" srcset=\"https:\/\/djgroup.es\/wp-content\/uploads\/2025\/08\/DZ2A1687-copia-2-300x200.jpg 300w, https:\/\/djgroup.es\/wp-content\/uploads\/2025\/08\/DZ2A1687-copia-2-1024x683.jpg 1024w, https:\/\/djgroup.es\/wp-content\/uploads\/2025\/08\/DZ2A1687-copia-2-768x512.jpg 768w, https:\/\/djgroup.es\/wp-content\/uploads\/2025\/08\/DZ2A1687-copia-2-1536x1024.jpg 1536w, https:\/\/djgroup.es\/wp-content\/uploads\/2025\/08\/DZ2A1687-copia-2-2048x1365.jpg 2048w\" sizes=\"(max-width: 300px) 100vw, 300px\" \/><\/div><\/a>\n\t\t\t\t<div class=\"elementor-post__badge\">Projekte<\/div>\n\t\t\t\t<div class=\"elementor-post__text\">\n\t\t\t\t<h3 class=\"elementor-post__title\">\n\t\t\t<a href=\"https:\/\/djgroup.es\/de\/umfassende-wohnungssanierung\/\" >\n\t\t\t\tUmfassende Hausrenovierung in Pina Mallorca\t\t\t<\/a>\n\t\t<\/h3>\n\t\t\t\t<div class=\"elementor-post__excerpt\">\n\t\t\t<p>Dieses Haus wurde einer umfassenden Renovierung unterzogen, die die komplette Renovierung aller Zimmer, die Schaffung<\/p>\n\t\t<\/div>\n\t\t\n\t\t<a class=\"elementor-post__read-more\" href=\"https:\/\/djgroup.es\/de\/umfassende-wohnungssanierung\/\" aria-label=\"Read more about Reforma Integral de vivienda en Pina Mallorca\" tabindex=\"-1\" >\n\t\t\tMehr lesen &quot;\t\t<\/a>\n\n\t\t\t\t<\/div>\n\t\t\t\t<div class=\"elementor-post__meta-data\">\n\t\t\t\t\t<span class=\"elementor-post-date\">\n\t\t\t11. Januar 2025\t\t<\/span>\n\t\t\t\t<\/div>\n\t\t\t\t\t<\/div>\n\t\t<\/article>\n\t\t\t\t<article class=\"elementor-post elementor-grid-item post-1861 post type-post status-publish format-standard has-post-thumbnail hentry category-proyectos\">\n\t\t\t<div class=\"elementor-post__card\">\n\t\t\t\t<a class=\"elementor-post__thumbnail__link\" href=\"https:\/\/djgroup.es\/de\/umfassende-hausrenovierung\/\" tabindex=\"-1\" ><div class=\"elementor-post__thumbnail\"><img loading=\"lazy\" decoding=\"async\" width=\"200\" height=\"300\" src=\"https:\/\/djgroup.es\/wp-content\/uploads\/2025\/07\/Imagen-de-WhatsApp-2025-07-28-a-las-17.38.56_e06e9003-200x300.jpg\" class=\"attachment-medium size-medium wp-image-1877\" alt=\"\" srcset=\"https:\/\/djgroup.es\/wp-content\/uploads\/2025\/07\/Imagen-de-WhatsApp-2025-07-28-a-las-17.38.56_e06e9003-200x300.jpg 200w, https:\/\/djgroup.es\/wp-content\/uploads\/2025\/07\/Imagen-de-WhatsApp-2025-07-28-a-las-17.38.56_e06e9003.jpg 683w\" sizes=\"(max-width: 200px) 100vw, 200px\" \/><\/div><\/a>\n\t\t\t\t<div class=\"elementor-post__badge\">Projekte<\/div>\n\t\t\t\t<div class=\"elementor-post__text\">\n\t\t\t\t<h3 class=\"elementor-post__title\">\n\t\t\t<a href=\"https:\/\/djgroup.es\/de\/umfassende-hausrenovierung\/\" >\n\t\t\t\tUmfassende Hausrenovierung in P\u00f3rtico Verd\t\t\t<\/a>\n\t\t<\/h3>\n\t\t\t\t<div class=\"elementor-post__excerpt\">\n\t\t\t<p>Bei diesem Projekt wurde eine umfassende Renovierung des Hauses durchgef\u00fchrt, die sowohl die<\/p>\n\t\t<\/div>\n\t\t\n\t\t<a class=\"elementor-post__read-more\" href=\"https:\/\/djgroup.es\/de\/umfassende-hausrenovierung\/\" aria-label=\"Read more about Reforma Integral de vivienda en P\u00f3rtico Verd\" tabindex=\"-1\" >\n\t\t\tMehr lesen &quot;\t\t<\/a>\n\n\t\t\t\t<\/div>\n\t\t\t\t<div class=\"elementor-post__meta-data\">\n\t\t\t\t\t<span class=\"elementor-post-date\">\n\t\t\t3. M\u00e4rz 2021\t\t<\/span>\n\t\t\t\t<\/div>\n\t\t\t\t\t<\/div>\n\t\t<\/article>\n\t\t\t\t<\/div>\n\t\t\n\t\t\t\t\t\t<\/div>\n\t\t\t\t<\/div>\n\t\t\t\t<\/div>\n\t\t\t\t<\/div>\n\t\t\t\t\t<\/div>\n\t\t\t\t<\/div>\n\t\t\t\t<\/div>","protected":false},"excerpt":{"rendered":"<p>Apartamentos de lujo Ver ahora Casas de lujo Ver ahora Inmobiliaria de Lujo en Mallorca y Constructora Nuestras propiedades L\u00edderes en Desarrollo Inmobiliario de Lujo y Construcci\u00f3n Premium en Mallorca Nuestros servicios Dise\u00f1o de proyectos Ver m\u00e1s informaci\u00f3n Gesti\u00f3n de proyectos Ver m\u00e1s informaci\u00f3n Dise\u00f1o de paisajismo Ver m\u00e1s informaci\u00f3n Interiorismo de proyectos Ver m\u00e1s [&hellip;]<\/p>","protected":false},"author":1,"featured_media":666,"parent":0,"menu_order":0,"comment_status":"closed","ping_status":"closed","template":"elementor_header_footer","meta":{"_joinchat":[],"footnotes":""},"class_list":["post-59","page","type-page","status-publish","has-post-thumbnail","hentry"],"yoast_head":"<!-- This site is optimized with the Yoast SEO plugin v27.1.1 - https:\/\/yoast.com\/product\/yoast-seo-wordpress\/ -->\n<title>Inmobiliaria de Lujo en Mallorca y Empresa Constructora Dj Group Djgroup<\/title>\n<meta name=\"description\" content=\"DJ Group, expertos en inmobiliaria de lujo en Mallorca y construcci\u00f3n de viviendas exclusivas. Soluciones integrales para proyectos \u00fanicos.\" \/>\n<meta name=\"robots\" content=\"index, follow, max-snippet:-1, max-image-preview:large, max-video-preview:-1\" \/>\n<link rel=\"canonical\" href=\"https:\/\/djgroup.es\/de\/\" \/>\n<meta property=\"og:locale\" content=\"de_DE\" \/>\n<meta property=\"og:type\" content=\"article\" \/>\n<meta property=\"og:title\" content=\"Inmobiliaria de Lujo en Mallorca y Empresa Constructora Dj Group Djgroup\" \/>\n<meta property=\"og:description\" content=\"DJ Group, expertos en inmobiliaria de lujo en Mallorca y construcci\u00f3n de viviendas exclusivas. Soluciones integrales para proyectos \u00fanicos.\" \/>\n<meta property=\"og:url\" content=\"https:\/\/djgroup.es\/de\/\" \/>\n<meta property=\"og:site_name\" content=\"Djgroup\" \/>\n<meta property=\"article:publisher\" content=\"https:\/\/www.facebook.com\/profile.php?id=61577641345036&amp;mibextid=wwXIfr\" \/>\n<meta property=\"article:modified_time\" content=\"2026-03-05T16:46:53+00:00\" \/>\n<meta property=\"og:image\" content=\"https:\/\/djgroup.es\/wp-content\/uploads\/2025\/06\/baner-principal-pagina-inicio.jpg\" \/>\n\t<meta property=\"og:image:width\" content=\"2000\" \/>\n\t<meta property=\"og:image:height\" content=\"1125\" \/>\n\t<meta property=\"og:image:type\" content=\"image\/jpeg\" \/>\n<meta name=\"twitter:card\" content=\"summary_large_image\" \/>\n<meta name=\"twitter:label1\" content=\"Gesch\u00e4tzte Lesezeit\" \/>\n\t<meta name=\"twitter:data1\" content=\"4\u00a0Minuten\" \/>\n<script type=\"application\/ld+json\" class=\"yoast-schema-graph\">{\"@context\":\"https:\/\/schema.org\",\"@graph\":[{\"@type\":\"WebPage\",\"@id\":\"https:\/\/djgroup.es\/\",\"url\":\"https:\/\/djgroup.es\/\",\"name\":\"Inmobiliaria de Lujo en Mallorca y Empresa Constructora Dj Group Djgroup\",\"isPartOf\":{\"@id\":\"https:\/\/djgroup.es\/#website\"},\"primaryImageOfPage\":{\"@id\":\"https:\/\/djgroup.es\/#primaryimage\"},\"image\":{\"@id\":\"https:\/\/djgroup.es\/#primaryimage\"},\"thumbnailUrl\":\"https:\/\/djgroup.es\/wp-content\/uploads\/2025\/06\/baner-principal-pagina-inicio.jpg\",\"datePublished\":\"2025-06-22T06:14:51+00:00\",\"dateModified\":\"2026-03-05T16:46:53+00:00\",\"description\":\"DJ Group, expertos en inmobiliaria de lujo en Mallorca y construcci\u00f3n de viviendas exclusivas. Soluciones integrales para proyectos \u00fanicos.\",\"breadcrumb\":{\"@id\":\"https:\/\/djgroup.es\/#breadcrumb\"},\"inLanguage\":\"de\",\"potentialAction\":[{\"@type\":\"ReadAction\",\"target\":[\"https:\/\/djgroup.es\/\"]}]},{\"@type\":\"ImageObject\",\"inLanguage\":\"de\",\"@id\":\"https:\/\/djgroup.es\/#primaryimage\",\"url\":\"https:\/\/djgroup.es\/wp-content\/uploads\/2025\/06\/baner-principal-pagina-inicio.jpg\",\"contentUrl\":\"https:\/\/djgroup.es\/wp-content\/uploads\/2025\/06\/baner-principal-pagina-inicio.jpg\",\"width\":2000,\"height\":1125},{\"@type\":\"BreadcrumbList\",\"@id\":\"https:\/\/djgroup.es\/#breadcrumb\",\"itemListElement\":[{\"@type\":\"ListItem\",\"position\":1,\"name\":\"Portada\",\"item\":\"https:\/\/djgroup.es\/\"},{\"@type\":\"ListItem\",\"position\":2,\"name\":\"Inicio\"}]},{\"@type\":\"WebSite\",\"@id\":\"https:\/\/djgroup.es\/#website\",\"url\":\"https:\/\/djgroup.es\/\",\"name\":\"Djgroup\",\"description\":\"Nuestra especialidad es la construcci\u00f3n en el sector residencial de obra nueva. Nos encargamos de proyectos de rehabilitacion integral y reformas. como tambien de proyectos realcionados con viviendas unifamiliares\",\"publisher\":{\"@id\":\"https:\/\/djgroup.es\/#organization\"},\"potentialAction\":[{\"@type\":\"SearchAction\",\"target\":{\"@type\":\"EntryPoint\",\"urlTemplate\":\"https:\/\/djgroup.es\/?s={search_term_string}\"},\"query-input\":{\"@type\":\"PropertyValueSpecification\",\"valueRequired\":true,\"valueName\":\"search_term_string\"}}],\"inLanguage\":\"de\"},{\"@type\":\"Organization\",\"@id\":\"https:\/\/djgroup.es\/#organization\",\"name\":\"Djgroup\",\"url\":\"https:\/\/djgroup.es\/\",\"logo\":{\"@type\":\"ImageObject\",\"inLanguage\":\"de\",\"@id\":\"https:\/\/djgroup.es\/#\/schema\/logo\/image\/\",\"url\":\"https:\/\/djgroup.es\/wp-content\/uploads\/2025\/06\/logo.webp\",\"contentUrl\":\"https:\/\/djgroup.es\/wp-content\/uploads\/2025\/06\/logo.webp\",\"width\":797,\"height\":181,\"caption\":\"Djgroup\"},\"image\":{\"@id\":\"https:\/\/djgroup.es\/#\/schema\/logo\/image\/\"},\"sameAs\":[\"https:\/\/www.facebook.com\/profile.php?id=61577641345036&mibextid=wwXIfr\",\"https:\/\/www.instagram.com\/djconstruction_realestate?igsh=aHM4bmYwd2E0d2Nz&utm_source=qr\",\"https:\/\/www.tiktok.com\/@dj.construction.reale?_t=ZN-8xX0L7cMxjq&_r=1\"]}]}<\/script>\n<!-- \/ Yoast SEO plugin. -->","yoast_head_json":{"title":"Inmobiliaria de Lujo en Mallorca y Empresa Constructora Dj Group Djgroup","description":"DJ Group, expertos en inmobiliaria de lujo en Mallorca y construcci\u00f3n de viviendas exclusivas. Soluciones integrales para proyectos \u00fanicos.","robots":{"index":"index","follow":"follow","max-snippet":"max-snippet:-1","max-image-preview":"max-image-preview:large","max-video-preview":"max-video-preview:-1"},"canonical":"https:\/\/djgroup.es\/de\/","og_locale":"de_DE","og_type":"article","og_title":"Inmobiliaria de Lujo en Mallorca y Empresa Constructora Dj Group Djgroup","og_description":"DJ Group, expertos en inmobiliaria de lujo en Mallorca y construcci\u00f3n de viviendas exclusivas. Soluciones integrales para proyectos \u00fanicos.","og_url":"https:\/\/djgroup.es\/de\/","og_site_name":"Djgroup","article_publisher":"https:\/\/www.facebook.com\/profile.php?id=61577641345036&mibextid=wwXIfr","article_modified_time":"2026-03-05T16:46:53+00:00","og_image":[{"width":2000,"height":1125,"url":"https:\/\/djgroup.es\/wp-content\/uploads\/2025\/06\/baner-principal-pagina-inicio.jpg","type":"image\/jpeg"}],"twitter_card":"summary_large_image","twitter_misc":{"Gesch\u00e4tzte Lesezeit":"4\u00a0Minuten"},"schema":{"@context":"https:\/\/schema.org","@graph":[{"@type":"WebPage","@id":"https:\/\/djgroup.es\/","url":"https:\/\/djgroup.es\/","name":"Inmobiliaria de Lujo en Mallorca y Empresa Constructora Dj Group Djgroup","isPartOf":{"@id":"https:\/\/djgroup.es\/#website"},"primaryImageOfPage":{"@id":"https:\/\/djgroup.es\/#primaryimage"},"image":{"@id":"https:\/\/djgroup.es\/#primaryimage"},"thumbnailUrl":"https:\/\/djgroup.es\/wp-content\/uploads\/2025\/06\/baner-principal-pagina-inicio.jpg","datePublished":"2025-06-22T06:14:51+00:00","dateModified":"2026-03-05T16:46:53+00:00","description":"DJ Group, expertos en inmobiliaria de lujo en Mallorca y construcci\u00f3n de viviendas exclusivas. Soluciones integrales para proyectos \u00fanicos.","breadcrumb":{"@id":"https:\/\/djgroup.es\/#breadcrumb"},"inLanguage":"de","potentialAction":[{"@type":"ReadAction","target":["https:\/\/djgroup.es\/"]}]},{"@type":"ImageObject","inLanguage":"de","@id":"https:\/\/djgroup.es\/#primaryimage","url":"https:\/\/djgroup.es\/wp-content\/uploads\/2025\/06\/baner-principal-pagina-inicio.jpg","contentUrl":"https:\/\/djgroup.es\/wp-content\/uploads\/2025\/06\/baner-principal-pagina-inicio.jpg","width":2000,"height":1125},{"@type":"BreadcrumbList","@id":"https:\/\/djgroup.es\/#breadcrumb","itemListElement":[{"@type":"ListItem","position":1,"name":"Portada","item":"https:\/\/djgroup.es\/"},{"@type":"ListItem","position":2,"name":"Inicio"}]},{"@type":"WebSite","@id":"https:\/\/djgroup.es\/#website","url":"https:\/\/djgroup.es\/","name":"Djgroup","description":"Nuestra especialidad es la construcci\u00f3n en el sector residencial de obra nueva. Nos encargamos de proyectos de rehabilitacion integral y reformas. como tambien de proyectos realcionados con viviendas unifamiliares","publisher":{"@id":"https:\/\/djgroup.es\/#organization"},"potentialAction":[{"@type":"SearchAction","target":{"@type":"EntryPoint","urlTemplate":"https:\/\/djgroup.es\/?s={search_term_string}"},"query-input":{"@type":"PropertyValueSpecification","valueRequired":true,"valueName":"search_term_string"}}],"inLanguage":"de"},{"@type":"Organization","@id":"https:\/\/djgroup.es\/#organization","name":"Djgroup","url":"https:\/\/djgroup.es\/","logo":{"@type":"ImageObject","inLanguage":"de","@id":"https:\/\/djgroup.es\/#\/schema\/logo\/image\/","url":"https:\/\/djgroup.es\/wp-content\/uploads\/2025\/06\/logo.webp","contentUrl":"https:\/\/djgroup.es\/wp-content\/uploads\/2025\/06\/logo.webp","width":797,"height":181,"caption":"Djgroup"},"image":{"@id":"https:\/\/djgroup.es\/#\/schema\/logo\/image\/"},"sameAs":["https:\/\/www.facebook.com\/profile.php?id=61577641345036&mibextid=wwXIfr","https:\/\/www.instagram.com\/djconstruction_realestate?igsh=aHM4bmYwd2E0d2Nz&utm_source=qr","https:\/\/www.tiktok.com\/@dj.construction.reale?_t=ZN-8xX0L7cMxjq&_r=1"]}]}},"acf":[],"_links":{"self":[{"href":"https:\/\/djgroup.es\/de\/wp-json\/wp\/v2\/pages\/59","targetHints":{"allow":["GET"]}}],"collection":[{"href":"https:\/\/djgroup.es\/de\/wp-json\/wp\/v2\/pages"}],"about":[{"href":"https:\/\/djgroup.es\/de\/wp-json\/wp\/v2\/types\/page"}],"author":[{"embeddable":true,"href":"https:\/\/djgroup.es\/de\/wp-json\/wp\/v2\/users\/1"}],"replies":[{"embeddable":true,"href":"https:\/\/djgroup.es\/de\/wp-json\/wp\/v2\/comments?post=59"}],"version-history":[{"count":181,"href":"https:\/\/djgroup.es\/de\/wp-json\/wp\/v2\/pages\/59\/revisions"}],"predecessor-version":[{"id":2069,"href":"https:\/\/djgroup.es\/de\/wp-json\/wp\/v2\/pages\/59\/revisions\/2069"}],"wp:featuredmedia":[{"embeddable":true,"href":"https:\/\/djgroup.es\/de\/wp-json\/wp\/v2\/media\/666"}],"wp:attachment":[{"href":"https:\/\/djgroup.es\/de\/wp-json\/wp\/v2\/media?parent=59"}],"curies":[{"name":"wp","href":"https:\/\/api.w.org\/{rel}","templated":true}]}}